{"id":10,"date":"2012-10-08T18:15:11","date_gmt":"2012-10-08T16:15:11","guid":{"rendered":"http:\/\/www.synwarrior.com\/kefer\/wordpress\/?page_id=10"},"modified":"2026-04-03T12:01:52","modified_gmt":"2026-04-03T10:01:52","slug":"termine","status":"publish","type":"page","link":"https:\/\/www.sibyllekefer.at\/blog\/termine\/","title":{"rendered":"live"},"content":{"rendered":"\n<h2 class=\"wp-block-heading\">sibylle kefer und band <\/h2>\n\n\n\n<figure class=\"wp-block-image size-large\"><img loading=\"lazy\" decoding=\"async\" width=\"1024\" height=\"683\" src=\"https:\/\/www.sibyllekefer.at\/blog\/wp-content\/uploads\/\/bandpressefoto-sibylle-kefer-copyright-ana-batinic9-1024x683.jpg\" alt=\"\" class=\"wp-image-2308\" srcset=\"https:\/\/www.sibyllekefer.at\/blog\/wp-content\/uploads\/bandpressefoto-sibylle-kefer-copyright-ana-batinic9-1024x683.jpg 1024w, https:\/\/www.sibyllekefer.at\/blog\/wp-content\/uploads\/bandpressefoto-sibylle-kefer-copyright-ana-batinic9-300x200.jpg 300w, https:\/\/www.sibyllekefer.at\/blog\/wp-content\/uploads\/bandpressefoto-sibylle-kefer-copyright-ana-batinic9-768x512.jpg 768w, https:\/\/www.sibyllekefer.at\/blog\/wp-content\/uploads\/bandpressefoto-sibylle-kefer-copyright-ana-batinic9-1536x1024.jpg 1536w, https:\/\/www.sibyllekefer.at\/blog\/wp-content\/uploads\/bandpressefoto-sibylle-kefer-copyright-ana-batinic9-2048x1365.jpg 2048w\" sizes=\"auto, (max-width: 1024px) 100vw, 1024px\" \/><\/figure>\n\n\n\n<ul class=\"wp-block-list\">\n<li><strong>11.04.26, Spiegelpalast im Wiener Prater, Prater 121, 1020 Wien, Vorband von garish<\/strong> <a href=\"https:\/\/www.oeticket.com\/event\/garish-spiegelpalast-im-wiener-prater-19979398\/\">https:\/\/www.oeticket.com\/event\/garish-spiegelpalast-im-wiener-prater-19979398\/<\/a><\/li>\n<\/ul>\n\n\n\n<p><\/p>\n\n\n\n<ul class=\"wp-block-list\">\n<li><strong>29.04.26, ARGE SALZBURG<\/strong> <a href=\"https:\/\/www.argekultur.at\/Event\/17660\/sibylle-kefer\">https:\/\/www.argekultur.at\/Event\/17660\/sibylle-kefer<\/a><\/li>\n<\/ul>\n\n\n\n<p>&#8212;&#8212;&#8212;&#8212;&#8212;&#8212;&#8212;&#8212;&#8212;&#8212;&#8212;&#8212;&#8212;&#8212;&#8212;&#8212;&#8212;&#8212;&#8212;&#8212;&#8212;&#8212;&#8212;&#8212;&#8212;&#8212;&#8212;&#8212;&#8212;&#8212;&#8212;&#8212;&#8212;&#8212;&#8212;&#8212;&#8212;&#8211;<\/p>\n\n\n\n<h2 class=\"wp-block-heading\">sibylle kefer solo<\/h2>\n\n\n\n<p>&#8212;&#8212;&#8212;&#8212;&#8212;&#8212;&#8212;&#8212;&#8212;&#8212;&#8212;&#8212;&#8212;&#8212;&#8212;&#8212;&#8212;&#8212;&#8212;&#8212;&#8212;&#8212;&#8212;&#8212;&#8212;&#8212;&#8212;&#8212;&#8212;&#8212;&#8212;&#8212;&#8212;&#8212;&#8212;&#8212;&#8212;&#8211;<\/p>\n\n\n\n<figure class=\"wp-block-image size-large\"><img loading=\"lazy\" decoding=\"async\" width=\"1024\" height=\"683\" src=\"https:\/\/www.sibyllekefer.at\/blog\/wp-content\/uploads\/\/Sibylle_Loop_24-Kopie-1024x683.jpg\" alt=\"\" class=\"wp-image-1298\" srcset=\"https:\/\/www.sibyllekefer.at\/blog\/wp-content\/uploads\/Sibylle_Loop_24-Kopie-1024x683.jpg 1024w, https:\/\/www.sibyllekefer.at\/blog\/wp-content\/uploads\/Sibylle_Loop_24-Kopie-300x200.jpg 300w, https:\/\/www.sibyllekefer.at\/blog\/wp-content\/uploads\/Sibylle_Loop_24-Kopie-768x512.jpg 768w, https:\/\/www.sibyllekefer.at\/blog\/wp-content\/uploads\/Sibylle_Loop_24-Kopie-1536x1024.jpg 1536w, https:\/\/www.sibyllekefer.at\/blog\/wp-content\/uploads\/Sibylle_Loop_24-Kopie-2048x1365.jpg 2048w\" sizes=\"auto, (max-width: 1024px) 100vw, 1024px\" \/><\/figure>\n\n\n\n<p>photo by carina antl<\/p>\n\n\n\n<ul class=\"wp-block-list\">\n<li><strong>15.04.26<\/strong> <a href=\"https:\/\/www.hildegard.bar\/2026\/03\/20\/konzert-sybille-kefer-zart-stark\/\">https:\/\/www.hildegard.bar\/2026\/03\/20\/konzert-sybille-kefer-zart-stark\/<\/a>\n<ul class=\"wp-block-list\">\n<li>Kirchdorf an der Krems\/Hildegard<\/li>\n<\/ul>\n<\/li>\n\n\n\n<li><strong>06.05.26<\/strong>\n<ul class=\"wp-block-list\">\n<li>Cafe Windstill, Wien<\/li>\n<\/ul>\n<\/li>\n\n\n\n<li><strong>18.06.26, 19.00 Uhr, Dinzlschlo\u00df, Schlo\u00dfgasse 11, 9500 Villach<\/strong>\n<ul class=\"wp-block-list\">\n<li>\u201eSobald wir ich sagen, ist uns nicht mehr zu trauen.\u201c Lyrik, Prosa und Musik von Simone Sch\u00f6nett, Martin Peichl, Sibylle Kefer und Peter Clar<\/li>\n<\/ul>\n<\/li>\n<\/ul>\n\n\n\n<hr class=\"wp-block-separator has-alpha-channel-opacity\"\/>\n\n\n\n<h2 class=\"wp-block-heading\"><strong>sibylle kefer <\/strong>duo<\/h2>\n\n\n\n<figure class=\"wp-block-image size-full\"><img loading=\"lazy\" decoding=\"async\" width=\"768\" height=\"1024\" src=\"https:\/\/www.sibyllekefer.at\/blog\/wp-content\/uploads\/\/image-5.png\" alt=\"\" class=\"wp-image-1699\" srcset=\"https:\/\/www.sibyllekefer.at\/blog\/wp-content\/uploads\/image-5.png 768w, https:\/\/www.sibyllekefer.at\/blog\/wp-content\/uploads\/image-5-225x300.png 225w\" sizes=\"auto, (max-width: 768px) 100vw, 768px\" \/><\/figure>\n\n\n\n<p>&#8212;&#8212;&#8212;&#8212;&#8212;&#8212;&#8212;&#8212;&#8212;&#8212;&#8212;&#8212;&#8212;&#8212;&#8212;&#8212;&#8212;&#8212;&#8212;&#8212;&#8212;&#8212;&#8212;&#8212;&#8212;&#8212;&#8212;&#8212;&#8212;&#8212;&#8212;&#8212;&#8212;&#8212;&#8212;&#8212;&#8212;&#8211;<\/p>\n\n\n\n<h2 class=\"wp-block-heading\">VERGANGENE KONZERTE<\/h2>\n\n\n\n<p><strong>sibylle kefer <\/strong>band<\/p>\n\n\n\n<p><strong>06.03.26 RELEASEKONZERT im PORGY &amp; BESS<\/strong><\/p>\n\n\n\n<p><a href=\"https:\/\/www.porgy.at\/events\/12815\/\">https:\/\/www.porgy.at\/events\/12815\/<\/a><\/p>\n\n\n\n<p><\/p>\n\n\n\n<p><strong><span style=\"text-decoration: underline;\">mittwoch, 19.11.25<\/span><\/strong> spiele ich im rahmen der literaturmeile\/lyrik-lesereihe unter dem wundersch\u00f6nen titel \u201cnovember und regen\u201d in der <strong><span style=\"text-decoration: underline;\">hauptb\u00fcchereien wien<\/span><\/strong>, hecklounge, college 3. neben mir wird es beitr\u00e4ge des kulturp\u00e4dagogen <strong>crauss<\/strong> und der schriftstellerin, drehbuchautorin und filmemacherin <strong>angelika reitzer<\/strong> geben, das wird toll! beginn 19.30 <a href=\"https:\/\/ticket.wien.gv.at\/M13STB\/gxkcl\">https:\/\/ticket.wien.gv.at\/M13STB\/gxkcl<\/a><\/p>\n\n\n\n<p><a href=\"https:\/\/www.derachte.at\/event\/anno-dialekt-donnerstag-adido-lesung-mit-musik-sibylle-kefer\/\">https:\/\/www.derachte.at\/event\/anno-dialekt-donnerstag-adido-lesung-mit-musik-sibylle-kefer\/<\/a><\/p>\n\n\n\n<p><strong>mittwoch, 05.11.25<\/strong> werde ich eine von mehreren g\u00e4sten sein bei der abschiedssause von <em>rainer krispel und mario lang.<\/em> und zwar dem abschied als schreiberlinge vom <em>augustin<\/em>, der ersten \u00f6sterreichischen boulevardzeitung:&nbsp;<\/p>\n\n\n\n<p><strong><span style=\"text-decoration: underline;\">donnerstag, 20.11. 25<\/span><\/strong> dann beim dialektdonnerstag im <strong><span style=\"text-decoration: underline;\">cafe anno in wien<\/span><\/strong>, beginn 19.00<\/p>\n\n\n\n<p>erinnert ihr euch? voriges jahr hatte ich eine art lieder- und textmen\u00fckartensystem f\u00fcr euch vorbereitet, von dem ihr dann w\u00e4hlen konntet. das war sehr kurzweilig, so etwas in der art m\u00f6chte ich heuer wieder tun. tasteninstrument inklusive. seid gespannt und kommt vorbei!<\/p>\n\n\n\n<ul id=\"block-01491172-3fee-4e49-9858-ff98765b8c55\" class=\"wp-block-list\">\n<li><a href=\"https:\/\/www.chelsea.co.at\/concerts.php#concert_6481\">\u201eMusikarbeiter sagen auf Wiedersehn\u201c<\/a>, im g\u00fcrtelbogenlokal <strong>chelsea in wien, beginn 20.30,<\/strong>&nbsp; ich bin mit meinem kleinen set als dritte dran und freu mich sehr darauf! <a href=\"https:\/\/www.chelsea.co.at\/concerts.php#concert_6481\">https:\/\/www.chelsea.co.at\/concerts.php#concert_6481<\/a><\/li>\n<\/ul>\n\n\n\n<p><\/p>\n\n\n\n<figure class=\"wp-block-image size-large\"><a href=\"https:\/\/www.beamensch.at\/de\/events\/be-a-mensch-das-jubilaeums-open-air\"><img loading=\"lazy\" decoding=\"async\" width=\"1024\" height=\"528\" src=\"https:\/\/www.sibyllekefer.at\/blog\/wp-content\/uploads\/\/image-9-1024x528.png\" alt=\"\" class=\"wp-image-2267\" srcset=\"https:\/\/www.sibyllekefer.at\/blog\/wp-content\/uploads\/image-9-1024x528.png 1024w, https:\/\/www.sibyllekefer.at\/blog\/wp-content\/uploads\/image-9-300x155.png 300w, https:\/\/www.sibyllekefer.at\/blog\/wp-content\/uploads\/image-9-768x396.png 768w, https:\/\/www.sibyllekefer.at\/blog\/wp-content\/uploads\/image-9.png 1300w\" sizes=\"auto, (max-width: 1024px) 100vw, 1024px\" \/><\/a><\/figure>\n\n\n\n<ul class=\"wp-block-list\">\n<li><a href=\"https:\/\/www.beamensch.at\/de\/events\/be-a-mensch-das-jubilaeums-open-air\">https:\/\/www.beamensch.at\/de\/events\/be-a-mensch-das-jubilaeums-open-air<\/a><\/li>\n\n\n\n<li>ER\u00d6FFNUNG durch die Sibylle Kefer Band:&nbsp;<a href=\"https:\/\/www.instagram.com\/sibyllekefer\/\">@sibyllekefer<\/a>&nbsp;Stimme und Gitarre,&nbsp;<a href=\"https:\/\/www.instagram.com\/sarahbrait\/\">@sarahbrait<\/a>&nbsp;am Bass,&nbsp;<a href=\"https:\/\/www.instagram.com\/chrispruckner\/\">@chrispruckner<\/a>&nbsp;am Schlagzeug,&nbsp;<a href=\"https:\/\/www.instagram.com\/annatropperofficial\/\">@annatropperofficial<\/a>&nbsp;an Keyboard, Simme und Violine<\/li>\n\n\n\n<li><span style=\"font-family: -webkit-standard; font-size: medium; white-space: normal;\">23.01.2025, cinema paradiso, st. p\u00f6lten, doppelkonzert mit grav\u00f6gl<\/span><\/li>\n\n\n\n<li>samstag, 09.11.2024 Aschach\/Donau Karten + Infos: <a href=\"https:\/\/www.spektrum-aschach.at\/event\/sibylle-kefer-band\/\">https:\/\/www.spektrum-aschach.at\/event\/sibylle-kefer-band\/<\/a><\/li>\n\n\n\n<li>donnerstag, 26.10.2024 Rhiz Wien (save the date &#x2764;&#xfe0f;) <a href=\"https:\/\/ntry.at\/keferrhiz24\">https:\/\/ntry.at\/keferrhiz24<\/a><\/li>\n\n\n\n<li>samstag, 13.07.2024, 20 Uhr, Mortarapark Wien, Kultursommer Wiensamstag, 08.06.2024, 15 Uhr, Marktplatz Bad Goisern<\/li>\n\n\n\n<li>15.03.2024 schlachthof wels<\/li>\n\n\n\n<li>03.09.2023 Volksstimmefest Wien, 18.30 Uhr<\/li>\n\n\n\n<li>18.07.2023 Museumsquartiert Hofkonzert, Wien, 19 Uhr\n<ul class=\"wp-block-list\">\n<li>MQ Hofmusik <a href=\"https:\/\/www.instagram.com\/mqwien\/\">https:\/\/www.instagram.com\/mqwien\/<\/a><\/li>\n\n\n\n<li><a href=\"https:\/\/www.facebook.com\/MuseumsQuartierWien\/\">https:\/\/www.facebook.com\/MuseumsQuartierWien\/<\/a><\/li>\n\n\n\n<li><a href=\"https:\/\/www.mqw.at\/sommerbuehne\">https:\/\/www.mqw.at\/sommerbuehne<\/a><\/li>\n<\/ul>\n<\/li>\n<\/ul>\n\n\n\n<h3 class=\"wp-block-heading\">17.06.2023 Proberaum Scheibbs<\/h3>\n\n\n\n<h3 class=\"wp-block-heading\">16.06. 2023 Karlstag, Karlsplatz Wien<\/h3>\n\n\n\n<h3 class=\"wp-block-heading\"><strong>DO | 23 03 2023 | 19:30 Uhr<\/strong><br><br>cd-pr\u00e4sentation 2023 radiokulturhaus, 23.03.2023<\/h3>\n\n\n\n<p class=\"has-medium-font-size\">Gro\u00dfer Sendesaal<\/p>\n\n\n\n<p><a href=\"https:\/\/radiokulturhaus.orf.at\/artikel\/699943\/Sibylle-Kefer-hoid\">https:\/\/radiokulturhaus.orf.at\/artikel\/699943\/Sibylle-Kefer-hoid<\/a><\/p>\n\n\n\n<h3 class=\"wp-block-heading\"><strong>sibylle kefer <\/strong>solo<\/h3>\n\n\n\n<ul class=\"wp-block-list\">\n<li>mittwoch, 16.10.24, abends, <strong>lenz<\/strong> burggasse 18, 1070 (mit alex miksch und scharmien zand) &#8222;sp\u00fc ma uns wos vua!&#8220;dienstag, 21.06.24 craft&amp;art Bad Goisern ab 20 Uhr, Stephaneum, Handwerkshaus<\/li>\n\n\n\n<li>donnerstag, 22.08.2024, daswerk, 19.45 Uhr<br><img decoding=\"async\" src=\"https:\/\/www.sibyllekefer.at\/blog\/wp-content\/uploads\/\/452653009_905652531603046_2479485553490619406_n.jpg\" alt=\"\"><br>samstag, 07.09. zweitwohnsitz , <a href=\"http:\/\/www.zweitwohnsitz.co.at\/\" target=\"_blank\" rel=\"noreferrer noopener\">www.zweitwohnsitz.co.at<\/a><\/li>\n\n\n\n<li>donnerstag, 16.05.2024 ADIDO Wien, Dialekt Donnerstag im Cafe Anno <a href=\"https:\/\/www.oeda.at\/adido\">https:\/\/www.oeda.at\/adido<\/a><\/li>\n\n\n\n<li>01.05.2024 einheizen f\u00fcr fuzzmann im stadtsaal wien <a href=\"https:\/\/stadtsaal.com\/kuenstler\/fuzzman-the-singin-rebels\">https:\/\/stadtsaal.com\/kuenstler\/fuzzman-the-singin-rebels<\/a><\/li>\n\n\n\n<li>22.04.24 Bad Ischl, Kurdirektion, im Rahmen der Diskussionsrunde \u201e\u00dcber Geschichte vor Ort\u201c <a href=\"https:\/\/www.kurdirektion.at\/veranstaltungen\/marion-wisinger-bad-goisern\">https:\/\/www.kurdirektion.at\/veranstaltungen\/marion-wisinger-bad-goisern<\/a><\/li>\n\n\n\n<li>er\u00f6ffnung kulturhauptstadt 2024, handwerkhaus bad goisern, freitag, 19.01., sa, 20.01.2024<\/li>\n\n\n\n<li>23.01.2024 buchpr\u00e4sentation &#8222;goiser&#8220; von marion wisinger, moderation tarek leitner, thalia wien, mariahilfer strasse 99<\/li>\n\n\n\n<li>08.09.2023 kurdirektion bad ischl (vor FREILICH 3)<\/li>\n\n\n\n<li>09.09.2023 schulhofkonzerte bruck an der leitha\n<ul class=\"wp-block-list\">\n<li>(doppelkonzert mit ernst molden und ursula strauss)<\/li>\n<\/ul>\n<\/li>\n\n\n\n<li>DAS POPQUARTETT. Talkrunde am 28.09. in der Wienbibliothek im Rathaus&nbsp;<\/li>\n\n\n\n<li>06.10.2023 wohnzimmerkonzert wien (TBA)<\/li>\n<\/ul>\n\n\n\n<h3 class=\"wp-block-heading\">live zu gast bei helene breisach auf \u00f61<\/h3>\n\n\n\n<p>24.12.2022, 16.30 uhr<\/p>\n\n\n\n<p>24.09. 2022 Wien, Seifenmanufaktur Wiener Seife<\/p>\n\n\n\n<h2 class=\"wp-block-heading\"><strong>sibylle kefer <\/strong>duo<\/h2>\n\n\n\n<ul class=\"wp-block-list\">\n<li>schlachthof wels, 20.04.2023\n<ul class=\"wp-block-list\">\n<li>doppel-solokonzert mit meinem mann christoph neubacher-kefer<\/li>\n<\/ul>\n<\/li>\n<\/ul>\n\n\n\n<p><strong>sibylle kefer trio<\/strong><\/p>\n\n\n\n<p>15.09.2022 schlachthof wels, 19.30 uhr<\/p>\n\n\n\n<p><\/p>\n\n\n\n<p>Theater am Spittelberg Wien, 19.30 Uhr<\/p>\n\n\n\n<p>Doppelkonzert mit SarahBernhardt<\/p>\n\n\n\n<p><\/p>\n\n\n\n<figure class=\"wp-block-image size-large\"><img loading=\"lazy\" decoding=\"async\" width=\"724\" height=\"1024\" src=\"https:\/\/www.sibyllekefer.at\/blog\/wp-content\/uploads\/\/be-a-Mensch_Willi-in-Memoriam-a19f7ab1-724x1024.jpeg\" alt=\"\" class=\"wp-image-1180\" srcset=\"https:\/\/www.sibyllekefer.at\/blog\/wp-content\/uploads\/be-a-Mensch_Willi-in-Memoriam-a19f7ab1-724x1024.jpeg 724w, https:\/\/www.sibyllekefer.at\/blog\/wp-content\/uploads\/be-a-Mensch_Willi-in-Memoriam-a19f7ab1-212x300.jpeg 212w, https:\/\/www.sibyllekefer.at\/blog\/wp-content\/uploads\/be-a-Mensch_Willi-in-Memoriam-a19f7ab1-768x1086.jpeg 768w, https:\/\/www.sibyllekefer.at\/blog\/wp-content\/uploads\/be-a-Mensch_Willi-in-Memoriam-a19f7ab1-1086x1536.jpeg 1086w, https:\/\/www.sibyllekefer.at\/blog\/wp-content\/uploads\/be-a-Mensch_Willi-in-Memoriam-a19f7ab1-1449x2048.jpeg 1449w, https:\/\/www.sibyllekefer.at\/blog\/wp-content\/uploads\/be-a-Mensch_Willi-in-Memoriam-a19f7ab1-scaled.jpeg 1811w\" sizes=\"auto, (max-width: 724px) 100vw, 724px\" \/><\/figure>\n\n\n\n<ul class=\"wp-block-list\">\n<li>neue informationen zum <span style=\"text-decoration: underline;\">09.06.2022<\/span> \u2013 wien \/ arena open air \/ 25 jahre integrationshaus: <\/li>\n\n\n\n<li><span style=\"text-decoration: underline;\">Originaltext Integrationshaus Wien<\/span>: <\/li>\n\n\n\n<li>Am 9. Juni h\u00e4tte Willi Resetarits gemeinsam mit dem Integrationshaus den 25. Geburtstag seines Lebensprojekts nachgefeiert. Das Open-Air-Konzert wurde seit zwei Jahren covidbedingt verschoben. Nach seinem tragischen Tod am 24. April nimmt das Integrationshaus den Termin nun zum Anlass, seines Mitbegr\u00fcnders, (Ehren)Obmanns und f\u00fcr viele Mitarbeiter*innen einfach &#8222;Chef&#8220; des Integrationshauses, zu gedenken.<\/li>\n\n\n\n<li>Begleitet von den &#8222;Musikern*innen seines Vertrauens&#8220; singen und spielen u.a. 5\/8erl in Ehr\u2019n, BasBariTenori, Beatrix Neundlinger, Die Strottern, Ernst Molden, Gerald Votava, Nino aus Wien, Sivan Perwer, Slavko Ninic, Sybille Kefer, Thomas Stipsits, Tini Kainrath, Vusa Mhkaya und Wenzel Beck. Sie alle haben \u00fcber viele Jahre gemeinsam mit Willi Resetarits musiziert und sich gemeinsam mit ihm f\u00fcr das Integrationshaus eingesetzt.<\/li>\n\n\n\n<li>Jetzt setzen sie gemeinsames Zeichen der Solidarit\u00e4t in Erinnerung an Willi Resetarits. &#8222;Be a Mensch: Willi hat das verk\u00f6rpert, was mit Menschlichkeit gemeint ist&#8220;, so der Initiator des Konzerts, Nikolaus Heinelt. &#8222;Er hat seine starke Stimme immer f\u00fcr die schwachen der Gesellschaft erhoben. Jetzt tragen wir gemeinsam seine Botschaft weiter!&#8220;<\/li>\n\n\n\n<li><strong>\u201ebe a Mensch \u2013 in Memoriam Willi Resetarits\u201c<\/strong><\/li>\n\n\n\n<li>ARENA Open Air, Baumgasse 80, 1030 Wien<\/li>\n\n\n\n<li>Donnerstag, 9. Juni 2022<\/li>\n\n\n\n<li>Einlass: 18:00<\/li>\n\n\n\n<li>Beginn: 19:30<\/li>\n\n\n\n<li><strong>Tickets<\/strong>&nbsp;gibt es demn\u00e4chst in der&nbsp;<a rel=\"noreferrer noopener\" href=\"https:\/\/tickets.arena.wien\/at\/Events\/65230\" target=\"_blank\">ARENA<\/a>&nbsp;und bei&nbsp;<a rel=\"noreferrer noopener\" href=\"https:\/\/www.oeticket.com\/eventseries\/25-jahre-integrationshaus-2712715\/?affiliate=EOE\" target=\"_blank\">oeticket.com<\/a>.<\/li>\n\n\n\n<li>Vorverkauf: \u20ac 40,- (+ Bearbeitungsgeb\u00fchr)<\/li>\n\n\n\n<li>Abendkasse: tba.<\/li>\n\n\n\n<li>Der Reinerl\u00f6s der Veranstaltung kommt dem Integrationshaus zugute. <a href=\"https:\/\/www.spoe.wien\/das-sind-wir\/rathausklub\/\"><\/a><\/li>\n<\/ul>\n\n\n\n<h1 class=\"wp-block-heading\">ARENA Open Air: 25 Jahre (+2) Integrationshaus<\/h1>\n\n\n\n<p>9. Juni 2022, 18:00<\/p>\n\n\n\n<figure class=\"wp-block-image size-large\"><img loading=\"lazy\" decoding=\"async\" width=\"1024\" height=\"724\" src=\"https:\/\/www.sibyllekefer.at\/blog\/wp-content\/uploads\/\/CB9D2C24-F608-4934-8DAF-4CAD1874DDCF-1024x724.jpeg\" alt=\"\" class=\"wp-image-1163\" srcset=\"https:\/\/www.sibyllekefer.at\/blog\/wp-content\/uploads\/CB9D2C24-F608-4934-8DAF-4CAD1874DDCF-1024x724.jpeg 1024w, https:\/\/www.sibyllekefer.at\/blog\/wp-content\/uploads\/CB9D2C24-F608-4934-8DAF-4CAD1874DDCF-300x212.jpeg 300w, https:\/\/www.sibyllekefer.at\/blog\/wp-content\/uploads\/CB9D2C24-F608-4934-8DAF-4CAD1874DDCF-768x543.jpeg 768w, https:\/\/www.sibyllekefer.at\/blog\/wp-content\/uploads\/CB9D2C24-F608-4934-8DAF-4CAD1874DDCF.jpeg 1280w\" sizes=\"auto, (max-width: 1024px) 100vw, 1024px\" \/><\/figure>\n\n\n\n<p><em>Integrationshaus Wien &amp; ARENA WIEN pr\u00e4sentieren:&nbsp;<\/em><\/p>\n\n\n\n<p><strong>25 Jahre (+2) Integrationshaus<\/strong><br>&nbsp;<br>Anl\u00e4sslich 25 Jahre Integrationshaus findet, mit coronabedingter Versp\u00e4tung, ein gro\u00dfes Open Air in der Arena statt. Der Gr\u00fcnder des Integrationshauses,&nbsp;<a href=\"http:\/\/www.williresetarits.at\/\" target=\"_blank\" rel=\"noreferrer noopener\"><strong>Willi Resetarits<\/strong><\/a>, erhebt gemeinsam mit&nbsp;<strong><a href=\"https:\/\/www.sibyllekefer.at\/blog\/\" target=\"_blank\" rel=\"noreferrer noopener\">Sibylle Kefer &amp; Band<\/a>,&nbsp;<a href=\"https:\/\/www.sigridhorn.at\/\" target=\"_blank\" rel=\"noreferrer noopener\">Sigrid Horn<\/a><\/strong>&nbsp;und der M\u00fcnchner Band&nbsp;<strong><a href=\"http:\/\/www.dreiviertelblut.de\/\" target=\"_blank\" rel=\"noreferrer noopener\">Dreiviertelblut<\/a><\/strong>&nbsp;die Stimme f\u00fcr mehr Menschenw\u00fcrde und Rechte f\u00fcr Fl\u00fcchtlinge.<\/p>\n\n\n\n<p><strong>Tickets<\/strong>&nbsp;gibt es in der&nbsp;<a href=\"https:\/\/tickets.arena.wien\/at\/Events\/65230\" target=\"_blank\" rel=\"noreferrer noopener\">ARENA<\/a>&nbsp;und bei&nbsp;<a href=\"https:\/\/www.oeticket.com\/eventseries\/25-jahre-integrationshaus-2712715\/?affiliate=EOE\" target=\"_blank\" rel=\"noreferrer noopener\">oeticket.com<\/a>.<br>Vorverkauf: \u20ac 40,- (+ Bearbeitungsgeb\u00fchr)<br>Abenkasse: tba.<\/p>\n\n\n\n<p>Der Reinerl\u00f6s der Veranstaltung kommt dem Integrationshaus zugute.<\/p>\n\n\n\n<p>Ort: Arena Wien, Baumgasse 80, 1030 Wien<\/p>\n\n\n\n<p><\/p>\n\n\n\n<p><strong>sibylle kefer solo<\/strong><\/p>\n\n\n\n<p><a href=\"https:\/\/fb.me\/e\/2mI0ze1ts\">https:\/\/fb.me\/e\/2mI0ze1ts<\/a> https:\/\/fb.me\/e\/2mI0ze1ts<\/p>\n\n\n\n<p>Little dogtown presents&#8230; &#8211; START EINER NEUEN SERIE<\/p>\n\n\n\n<p>SIBYLLE KEFER ist studierte Musiktherapeutin und Jazzs\u00e4ngerin, war von ihrer Kindheit im Salzkammergut an von Musik umgeben, spielte Querfl\u00f6te in Blaskapellen und sang f\u00fcr die mittlerweile legend\u00e4ren Ausseer Hardbradler. Neben ihrer hauptberuflichen T\u00e4tigkeit als Kindermusiktherapeutin in einem SOS-Kinderdorf und einem Wiener Ambulatorium lehrte und begleitete sie auch \u00fcber ein Jahrzehnt lang Jazzgesangsstudent:innen zum Diplom an einem Wiener Konservatorium. Im November 2021 entstand im Rahmen der l\u00e4nder\u00fcbergreifende Kulturintiative &#8222;New European Songbook&#8220; gemeinsam mit dem Herbert Pixner Projekt das St\u00fcck &#8222;Liawa Hoffnung&#8220; incl. wundersch\u00f6nem Video. Aktuell ist Sibylle Kefer regelm\u00e4\u00dfig mit Ernst Molden live zu h\u00f6ren, zus\u00e4tzlich arbeitet sie an ihrer n\u00e4chsten Solo-CD. Aktuelle Single: &#8222;Oa Zeit&#8220; (2022)<a rel=\"noreferrer noopener\" href=\"https:\/\/l.facebook.com\/l.php?u=https%3A%2F%2Fwww.sibyllekefer.at%2Fblog%2F%3Ffbclid%3DIwAR2pZl7ccPw_zvCUvgH7ONtfMJg4OwSWd0DUFSQhUHAimATKpb4iFJmgqDE&amp;h=AT2dDBod50VTgs8ENDvCcvmmf9yV2-1bpVJLS9plnkFaOhImi3Jlbnp8396qfEPx3LO1z4KaHY9--OE3yNecJvqoK8W2_bNyOracwacPFGu8eBTuDrOBIMtUn7Wnl2TBb5R_moAeiQcoCGno0hk5Xa8&amp;__tn__=q&amp;c[0]=AT3rpyKU4ocoGkvsc-11YDiCq1HeYrjhmJzO3MZ3k2YUFOViSkB_1B3xpzx-UGHHH0WJLj4FrQhznw_3I0pe-f_xjocv-HHMepZBHiLAYzzrQ_M_ZBViRQB_rfxNILnXp_I\" target=\"_blank\">https:\/\/www.sibyllekefer.at\/blog\/<\/a><\/p>\n\n\n\n<p>BOSCOFOSCO: Akustisches Stimme-Kontrabass Duo2021 in Wien nach einem gemeinsamen Jazz-Engagement gegr\u00fcndet loten Boscofosco die klanglichen Grenzen eines akustischen Stimme-Kontrabass-Duos neu aus. Daf\u00fcr greifen Barbara Schutting aka Babsea und Martin Heinzle geschmackvoll in die Effektkiste und \u00f6ffnen tiefe Klangr\u00e4ume, mal minimalistisch-sph\u00e4risch, dann wieder dr\u00fcckend im Groove. Babseas helles Timbre t\u00e4nzelt dabei sanft auf den holzigen Beats, die Martins Kontrabass ausrollt. Ein organisches Soundkonzept, das Lust auf mehr macht. Gut so, denn von den beiden wird es in naher Zukunft noch viel zu h\u00f6ren geben.<a rel=\"noreferrer noopener\" href=\"https:\/\/l.facebook.com\/l.php?u=https%3A%2F%2Fwww.babsea.com%2F%3Ffbclid%3DIwAR13-e7Rv3yHKpX8ofv4a8HTKQK6-_8_YtNYVu2R4Px84LeWp5zUJe4Iq_Q&amp;h=AT3DnfaFmEQBvp8X1Dpf7zZC5M-x2ZUc_z82CwTrrfKQAie_7izdVo3f_S3M9pzNN5UTi6D4mzYm_2kvet16D2M1oWG55UabpnhYFYSC1hDQnhZ7gHirZyA--dByXG4_GvIuqYUE4XvM7sC7of-BGtM&amp;__tn__=q&amp;c[0]=AT3rpyKU4ocoGkvsc-11YDiCq1HeYrjhmJzO3MZ3k2YUFOViSkB_1B3xpzx-UGHHH0WJLj4FrQhznw_3I0pe-f_xjocv-HHMepZBHiLAYzzrQ_M_ZBViRQB_rfxNILnXp_I\" target=\"_blank\">https:\/\/www.babsea.com\/<\/a><\/p>\n\n\n\n<p>Eintritt: Freie Spende<\/p>\n\n\n\n<p>Moderation: Robert Fischer<\/p>\n\n\n\n<p>Sitzplatz-Reservierungen bitte per mail an: biograph71@hotmail.com&nbsp;<a rel=\"noreferrer noopener\" href=\"https:\/\/l.facebook.com\/l.php?u=https%3A%2F%2Flittledogtown.jimdofree.com%2F%3Ffbclid%3DIwAR2pmWPNg-qR5VyB-4va5rn63LwTrWdW89KzXtHdROdHtq8AVcieREj70ps&amp;h=AT3VPATewOyLVQAm75Kbah8TaUQzBX-S_OpC3gp6J-PZ0YVqCiewt9J78fPdxOvm_Eo7ul8-QdjD_dtiZHlDSdvvxZkDynvRXJEODxZl3I0gomvkTRA5M3l3cfqoV23k74ZZ2r8e4iEfOAHFBCC-pCE&amp;__tn__=q&amp;c[0]=AT3rpyKU4ocoGkvsc-11YDiCq1HeYrjhmJzO3MZ3k2YUFOViSkB_1B3xpzx-UGHHH0WJLj4FrQhznw_3I0pe-f_xjocv-HHMepZBHiLAYzzrQ_M_ZBViRQB_rfxNILnXp_I\" target=\"_blank\">https:\/\/littledogtown.jimdofree.com\/<\/a><\/p>\n\n\n\n<p>&#8212;&#8212;&#8212;&#8212;&#8212;&#8212;&#8212;&#8212;&#8212;&#8212;&#8212;&#8212;&#8212;&#8212;&#8212;&#8212;&#8211;<\/p>\n\n\n\n<p><\/p>\n\n\n\n<p><\/p>\n\n\n\n<p><\/p>\n\n\n\n<p><\/p>\n\n\n\n<p><\/p>\n\n\n\n<p><\/p>\n\n\n\n<p><\/p>\n\n\n\n<p><\/p>\n\n\n\n<p><\/p>\n\n\n\n<p><\/p>\n\n\n\n<p><\/p>\n\n\n\n<p><\/p>\n\n\n\n<p><\/p>\n\n\n\n<p><\/p>\n\n\n\n<p><\/p>\n\n\n\n<p><\/p>\n\n\n\n<p><\/p>\n\n\n\n<p><\/p>\n\n\n\n<p><\/p>\n\n\n\n<p><\/p>\n\n\n\n<p><\/p>\n\n\n\n<p><\/p>\n\n\n\n<p><\/p>\n\n\n\n<p><\/p>\n\n\n\n<p><\/p>\n\n\n\n<p><\/p>\n\n\n\n<p><\/p>\n\n\n\n<p><\/p>\n\n\n\n<p><\/p>\n\n\n\n<p><\/p>\n\n\n\n<p><\/p>\n\n\n\n<p><\/p>\n\n\n\n<p><\/p>\n\n\n\n<p><\/p>\n\n\n\n<p><\/p>\n\n\n\n<p><\/p>\n\n\n\n<p><\/p>\n\n\n\n<p><\/p>\n\n\n\n<p><\/p>\n\n\n\n<p><\/p>\n\n\n\n<p><\/p>\n\n\n\n<p><\/p>\n\n\n\n<p><\/p>\n\n\n\n<p><\/p>\n\n\n\n<p><\/p>\n\n\n\n<p><\/p>\n\n\n\n<p><\/p>\n\n\n\n<p><\/p>\n\n\n\n<p><\/p>\n\n\n\n<p><\/p>\n\n\n\n<p><\/p>\n\n\n\n<p><\/p>\n\n\n\n<p><\/p>\n\n\n\n<p><\/p>\n\n\n\n<p><\/p>\n\n\n\n<p><\/p>\n\n\n\n<p><\/p>\n\n\n\n<p><\/p>\n\n\n\n<p><\/p>\n\n\n\n<p><\/p>\n\n\n\n<p><\/p>\n\n\n\n<p><\/p>\n\n\n\n<p><\/p>\n\n\n\n<p><\/p>\n\n\n\n<p><\/p>\n\n\n\n<p><\/p>\n\n\n\n<p><\/p>\n\n\n\n<p><\/p>\n\n\n\n<p><\/p>\n\n\n\n<p><\/p>\n\n\n\n<p><\/p>\n\n\n\n<p><\/p>\n\n\n\n<p><\/p>\n\n\n\n<p><\/p>\n\n\n\n<p><\/p>\n\n\n\n<p><\/p>\n\n\n\n<p><\/p>\n\n\n\n<p><\/p>\n\n\n\n<p><strong>FREILICH 3<\/strong>, das sind Rainer Krispel, Gottfried Gfrerer und Sibylle Kefer:<\/p>\n\n\n\n<p>&#8212;&#8212;&#8212;&#8212;&#8212;&#8212;&#8212;&#8212;&#8212;&#8212;&#8212;&#8212;&#8212;&#8212;&#8212;&#8212;-<\/p>\n\n\n\n<p>mit <strong>Ernst Molden und das Frauenorchester<\/strong>:<\/p>\n\n\n\n<p><\/p>\n\n\n\n<p><strong>vergangene termine:<\/strong><\/p>\n\n\n\n<ul class=\"wp-block-list\">\n<li>23. JUNI 2024, 2000<\/li>\n\n\n\n<li><a href=\"https:\/\/www.facebook.com\/treibhausibk?__cft__[0]=AZWn3ei0INx-eWsaQWETuTLY6ssHXckZRCNn5_9R7GbS07p5gSU1lkunfvQ4-3_lFGBPHENg36CHqmMxeRN5JtMlpYoms-kXCsYfyfBZAXfGT_K7ID5MO0eCCBkYaRA0BObislPo7Lb1ufhY9Stzm1u_IRq4FzA2QL0g6Xz7HeWlLnCFfEYHhQyPYy0kAX0MsHzaUWpDJSMZgerIbCLkYuPV&amp;__tn__=-]K-R\">Treibhaus Innsbruck<\/a> \/ TIROL<\/li>\n\n\n\n<li><\/li>\n\n\n\n<li>5. JULI 2024, 1930<\/li>\n\n\n\n<li><a href=\"https:\/\/www.facebook.com\/Posthof?__cft__[0]=AZWn3ei0INx-eWsaQWETuTLY6ssHXckZRCNn5_9R7GbS07p5gSU1lkunfvQ4-3_lFGBPHENg36CHqmMxeRN5JtMlpYoms-kXCsYfyfBZAXfGT_K7ID5MO0eCCBkYaRA0BObislPo7Lb1ufhY9Stzm1u_IRq4FzA2QL0g6Xz7HeWlLnCFfEYHhQyPYy0kAX0MsHzaUWpDJSMZgerIbCLkYuPV&amp;__tn__=-]K-R\">Posthof &#8211; Zeitkultur am Hafen<\/a> LINZ \/ O\u00d6<\/li>\n\n\n\n<li><\/li>\n\n\n\n<li>6. JULI 2024, 2000<\/li>\n\n\n\n<li><a href=\"https:\/\/www.facebook.com\/kult.hof?__cft__[0]=AZWn3ei0INx-eWsaQWETuTLY6ssHXckZRCNn5_9R7GbS07p5gSU1lkunfvQ4-3_lFGBPHENg36CHqmMxeRN5JtMlpYoms-kXCsYfyfBZAXfGT_K7ID5MO0eCCBkYaRA0BObislPo7Lb1ufhY9Stzm1u_IRq4FzA2QL0g6Xz7HeWlLnCFfEYHhQyPYy0kAX0MsHzaUWpDJSMZgerIbCLkYuPV&amp;__tn__=-]K-R\">Kult &#8211; Hof bei Salzburg<\/a> \/ SBG<\/li>\n\n\n\n<li><\/li>\n\n\n\n<li>14. JULI 2024, 1900<\/li>\n\n\n\n<li><a href=\"https:\/\/www.facebook.com\/Schrammel.Klang.Festival?__cft__[0]=AZWn3ei0INx-eWsaQWETuTLY6ssHXckZRCNn5_9R7GbS07p5gSU1lkunfvQ4-3_lFGBPHENg36CHqmMxeRN5JtMlpYoms-kXCsYfyfBZAXfGT_K7ID5MO0eCCBkYaRA0BObislPo7Lb1ufhY9Stzm1u_IRq4FzA2QL0g6Xz7HeWlLnCFfEYHhQyPYy0kAX0MsHzaUWpDJSMZgerIbCLkYuPV&amp;__tn__=-]K-R\">Schrammel.Klang.Festival.<\/a> LITSCHAU \/ N\u00d6<\/li>\n\n\n\n<li><\/li>\n\n\n\n<li>16. JULI 2024, 2015<\/li>\n\n\n\n<li><a href=\"https:\/\/www.facebook.com\/wachauarena?__cft__[0]=AZWn3ei0INx-eWsaQWETuTLY6ssHXckZRCNn5_9R7GbS07p5gSU1lkunfvQ4-3_lFGBPHENg36CHqmMxeRN5JtMlpYoms-kXCsYfyfBZAXfGT_K7ID5MO0eCCBkYaRA0BObislPo7Lb1ufhY9Stzm1u_IRq4FzA2QL0g6Xz7HeWlLnCFfEYHhQyPYy0kAX0MsHzaUWpDJSMZgerIbCLkYuPV&amp;__tn__=-]K-R\">Wachauarena Melk<\/a> melk \/ N\u00d6<\/li>\n\n\n\n<li><\/li>\n\n\n\n<li>19. JULI 2024, 2000<\/li>\n\n\n\n<li><a href=\"https:\/\/www.facebook.com\/eulenspiegelpassau?__cft__[0]=AZWn3ei0INx-eWsaQWETuTLY6ssHXckZRCNn5_9R7GbS07p5gSU1lkunfvQ4-3_lFGBPHENg36CHqmMxeRN5JtMlpYoms-kXCsYfyfBZAXfGT_K7ID5MO0eCCBkYaRA0BObislPo7Lb1ufhY9Stzm1u_IRq4FzA2QL0g6Xz7HeWlLnCFfEYHhQyPYy0kAX0MsHzaUWpDJSMZgerIbCLkYuPV&amp;__tn__=-]K-R\">Eulenspiegel Zeltfestival Passau<\/a> \/ D<\/li>\n\n\n\n<li><\/li>\n\n\n\n<li>20. JULI 2024, 2000<\/li>\n\n\n\n<li><a href=\"https:\/\/www.facebook.com\/Poolbar.Festival?__cft__[0]=AZWn3ei0INx-eWsaQWETuTLY6ssHXckZRCNn5_9R7GbS07p5gSU1lkunfvQ4-3_lFGBPHENg36CHqmMxeRN5JtMlpYoms-kXCsYfyfBZAXfGT_K7ID5MO0eCCBkYaRA0BObislPo7Lb1ufhY9Stzm1u_IRq4FzA2QL0g6Xz7HeWlLnCFfEYHhQyPYy0kAX0MsHzaUWpDJSMZgerIbCLkYuPV&amp;__tn__=-]K-R\">poolbar<\/a> FESTIVAL FELDKIRCH \/ VLBG<\/li>\n\n\n\n<li><\/li>\n\n\n\n<li>22. JULI 2024, 2000<\/li>\n\n\n\n<li>BURG PERCHTOLDSDORF \/ N\u00d6<\/li>\n\n\n\n<li>ernst molden mit maria petrova, marlene lacherstorfer und sibylle kefer<\/li>\n\n\n\n<li><\/li>\n\n\n\n<li>21.12. 2022 Wien, Porgy und Bess<\/li>\n\n\n\n<li>27.03.2022 benefiz burg perchtoldsdorf<\/li>\n\n\n\n<li>01.04. studio 77<\/li>\n\n\n\n<li>06.04.2022 loop, wien<\/li>\n\n\n\n<li>14.04. tschuttisage ehrbar-saal, wien, tba<\/li>\n<\/ul>\n\n\n\n<p><a href=\"https:\/\/www.facebook.com\/events\/2599510277022810\">https:\/\/www.facebook.com\/events\/2599510277022810<\/a><\/p>\n\n\n\n<ul class=\"wp-block-list\">\n<li>08.12.2021: Adventmarkt Karlsplatz Wien VERSCHOBEN auf ?<\/li>\n\n\n\n<li>09.06.2022: 25 Jahre Integrationshaus, Arena Open Air, Wien<\/li>\n<\/ul>\n\n\n\n<p>!ganz kurzfristig! ich springe diesen donnerstag, 03.03.2022 ein und spiele ein akustikset im club 1019! join &#x1f49b;<\/p>\n\n\n\n<figure class=\"wp-block-image size-full\"><img loading=\"lazy\" decoding=\"async\" width=\"480\" height=\"852\" src=\"https:\/\/www.sibyllekefer.at\/blog\/wp-content\/uploads\/\/275059119_1177035869792441_5005385558725105841_n.jpg\" alt=\"\" class=\"wp-image-1132\" srcset=\"https:\/\/www.sibyllekefer.at\/blog\/wp-content\/uploads\/275059119_1177035869792441_5005385558725105841_n.jpg 480w, https:\/\/www.sibyllekefer.at\/blog\/wp-content\/uploads\/275059119_1177035869792441_5005385558725105841_n-169x300.jpg 169w\" sizes=\"auto, (max-width: 480px) 100vw, 480px\" \/><\/figure>\n\n\n\n<p><strong>sibylle kefer solo<\/strong><\/p>\n\n\n\n<ul class=\"wp-block-list\">\n<li>03.03.2022 club 1091, althahnstrasse 12, 1090 wien, beginn 20 uhr <\/li>\n<\/ul>\n\n\n\n<ul class=\"wp-block-list\">\n<li>19.11.2021 \u2013 Wien \/ Konzerthaus<\/li>\n\n\n\n<li>18.11.2021 \u2013 Innsbruck \/ Treibhaus<\/li>\n\n\n\n<li>22.12.2021: Porgy und Bess Wien<\/li>\n<\/ul>\n\n\n\n<figure class=\"wp-block-image\"><img loading=\"lazy\" decoding=\"async\" width=\"846\" height=\"1024\" src=\"https:\/\/www.sibyllekefer.at\/blog\/wp-content\/uploads\/\/container-concerts-2021-846x1024.jpg\" alt=\"\" class=\"wp-image-875\" srcset=\"https:\/\/www.sibyllekefer.at\/blog\/wp-content\/uploads\/container-concerts-2021-846x1024.jpg 846w, https:\/\/www.sibyllekefer.at\/blog\/wp-content\/uploads\/container-concerts-2021-248x300.jpg 248w, https:\/\/www.sibyllekefer.at\/blog\/wp-content\/uploads\/container-concerts-2021-768x929.jpg 768w, https:\/\/www.sibyllekefer.at\/blog\/wp-content\/uploads\/container-concerts-2021.jpg 1080w\" sizes=\"auto, (max-width: 846px) 100vw, 846px\" \/><\/figure>\n\n\n\n<p><a href=\"https:\/\/www.facebook.com\/events\/2599510277022810\/?__cft__[0]=AZWQ_asOZOszla-tgTj77XUti8POXkwv7cqUdwxc1uWLypwkd1y4tut6icmuhwwr0BQFH8A8fs8eCqfUwGSUS2d-i5H9qDSwwQEsLdfvrBPPkFPv6itWXSWrizCaXpQGYkYksNzMyizVOQpvkz5oxVav&amp;__tn__=H-R\"><\/a><\/p>\n\n\n<p>18.12.2020, 14 Uhr<\/p>\n<h1 class=\"content__title content__title_type_big p-name\">Solokonzert live im Freien Radio Salzkammergut<\/h1>\n<div class=\"content__meta\"><span class=\"edit-link\"><a class=\"post-edit-link\" href=\"https:\/\/www.sibyllekefer.at\/blog\/wp-admin\/post.php?post=819&amp;action=edit\"><span class=\"screen-reader-text\">Solokonzert live im Freien Radio Salzkammergut<\/span><\/a><\/span><\/div>\n<div class=\"content__body e-content\">\n<p>heute, Freitag, 18.12.2020, 14 Uhr<\/p>\n<p><a href=\"https:\/\/freiesradio.at\/live-stream\/\">https:\/\/freiesradio.at\/live-stream\/<\/a><\/p>\n<p>TUNE IN!<\/p>\n<figure class=\"wp-block-image\"><img loading=\"lazy\" decoding=\"async\" width=\"1024\" height=\"682\" class=\"wp-image-820\" src=\"https:\/\/www.sibyllekefer.at\/blog\/wp-content\/uploads\/\/sibylle-kefer-pic-by-didi-lipkovich-1024x682.jpg\" sizes=\"auto, (max-width: 1024px) 100vw, 1024px\" srcset=\"https:\/\/www.sibyllekefer.at\/blog\/wp-content\/uploads\/sibylle-kefer-pic-by-didi-lipkovich-1024x682.jpg 1024w, https:\/\/www.sibyllekefer.at\/blog\/wp-content\/uploads\/sibylle-kefer-pic-by-didi-lipkovich-300x200.jpg 300w, https:\/\/www.sibyllekefer.at\/blog\/wp-content\/uploads\/sibylle-kefer-pic-by-didi-lipkovich-768x512.jpg 768w\" alt=\"\"><figcaption>pic by the great Didi Lipkovich<\/figcaption><\/figure>\n<\/div>\n<h2><strong>Sibylle Kefer SOLO und DUO<\/strong><\/h2>\n<ul>\n<li>Ein <span style=\"text-decoration: underline;\">Adventkalenderlied<\/span> am 12.12., seid gespannt! verf\u00fcgbar ab 00:00 Uhr\n<ul>\n<li><a href=\"https:\/\/youtu.be\/YN9DPsjMs7o\">https:\/\/youtu.be\/YN9DPsjMs7o<\/a><\/li>\n<\/ul>\n<\/li>\n<\/ul>\n<ul>\n<li>Dienstag, 15.12.2020 <span style=\"text-decoration: underline;\">Homekonzertchen <\/span>(kann auch nach geschaut werden)\n<ul>\n<li style=\"list-style-type: none;\">\n<ul>\n<li><a href=\"https:\/\/fb.me\/e\/1Zfinh1CO\">https:\/\/fb.me\/e\/1Zfinh1CO<\/a>\n<div class=\"kvgmc6g5 cxmmr5t8 oygrvhab hcukyx3x c1et5uql\">Ersatz f\u00fcr das abgesagte Solokonzert vom 20.11. 2020<\/div>\n<div class=\"kvgmc6g5 cxmmr5t8 oygrvhab hcukyx3x c1et5uql\">&nbsp;<\/div>\n<div class=\"kvgmc6g5 cxmmr5t8 oygrvhab hcukyx3x c1et5uql\">Liebe Fans der Frauen: Musik in der Arena Bar! Covid19 hat uns leider zur Absage einiger Termine gezwungen, aber so leicht geben wir uns nicht geschlagen! Ich habe die MusikerInnen, die fix f\u00fcr Konzerte eingeplant waren, gebeten als Ersatz kurze Live-Sets per Video aufzunehmen. Diese Videos werden wir jetzt regelm\u00e4\u00dfig bis Weihnachten online stellen. \u00dcber den Paypal-Button (auch zu finden auf meinem Acount &#8222;Robert Leopold Fischer&#8220;) k\u00f6nnt ihr f\u00fcr die Musikerinnen spenden! Vielen Dank im voraus und ich hoffe wir sehen uns 2021 bei einem realen Live-Konzert in der Arena Bar wieder! <br \/>Robert Fischer<\/div>\n<div class=\"o9v6fnle cxmmr5t8 oygrvhab hcukyx3x c1et5uql\">PS: Link zum Video von Sibylle Kefer am Dienstag ab 19:30h hier zu finden!<\/div>\n<p>https:\/\/fb.me\/e\/1Zfinh1CO<\/p>\n<\/li>\n<\/ul>\n<\/li>\n<\/ul>\n<\/li>\n<\/ul>\n<ul>\n<li>18.12. <span style=\"text-decoration: underline;\">LIVEKONZERT<\/span> im Freien Radio Salzkammergut! N\u00e4heres in K\u00fcrze<\/li>\n<\/ul>\n<ul>\n<li>Paulus Hochgatterer und Sibylle Kefer\n<ul>\n<li>10. Februar, Rabenhof Wien<\/li>\n<\/ul>\n<\/li>\n<\/ul>\n<h2><strong>Sibylle Kefer TRIO<\/strong><\/h2>\n<ul>\n<li><span style=\"text-decoration: underline;\">ABGESAGT\/VERSCHOBEN<\/span> 9.12. Karlsplatz Wien mit Band<\/li>\n<\/ul>\n<div>\n<h2>Freilich (drei) (Gfrerer, Kefer, Krispel)<\/h2>\n<\/div>\n<div>\n<ul>\n<li>Donnerstag, 2.9.2021, Perinetkeller,\u201cfinissage&#8220; des gro\u00dfartigen Buchbandes meines lieben Freunds Rainer Krispel \u201eMUSIKARBEITER UNTERWEGS\u201c<a href=\"https:\/\/www.facebook.com\/events\/351614573351754\/?__cft__[0]=AZX-7P1fZ7gmvGLwENuowFdCamHxuQycjeFSIRapBOj3DqKbtvmVmPbWM9JvSEInmjExhIexv-y0gXvZwpBtsuhOb3TbDhUNO22CQ4R9EAU8BnA9gYSDChrLQ01lLujPAaA&amp;__tn__=-UK-R\">www.facebook.com\/events\/351614573351754<\/a>Perinetgasse 1, 1200 Wien<\/li>\n<li>Sonntag, 5.9.2021, 19.30 Uhr, Volksstimmefest 2021, Sigi Maron B\u00fchne<\/li>\n<li>16.9. NO CASH NO HOPE Chelsea Wien<\/li>\n<\/ul>\n<\/div>\n<div>&nbsp;<\/div>\n<div>&nbsp;<\/div>\n<div>&nbsp;<\/div>\n<div>&nbsp;<\/div>\n<div>ABGESAGT\/VERSCHOBEN:<\/div>\n<div>\n<ul>\n<li>\n<p><span style=\"text-decoration: underline;\">&#8211; 10.09.2021 \u2013 Pinkafeld \/ herbst.wort.lieder &#8211; leider ABGESAGT! Leider ist es nicht m\u00f6glich, das herbst.wort.lieder Festival 2021 durchzuf\u00fchren. F\u00fcr die R\u00fcckerstattung der Karten bitte ich um eine e-mail an gue@schuetter.cc. Bitte schickt auch die Kontodaten mit. Die sehr schwierige Zeit macht leider vieles nicht m\u00f6glich. Ich danke f\u00fcr euer Verst\u00e4ndnis.&nbsp;G\u00fcnter Sch\u00fctterABGESAGT\/Verschoben<\/span> auf unbekannt 13.11. Freuraum Eisenstadt Sibylle Kefer Trio<\/p>\n<\/li>\n<li><span style=\"text-decoration: underline;\">ABGESAGT\/VERSCHOBEN<\/span> Kino Ebensee Sibylle Kefer Trio<\/li>\n<li>\n<p>CORONABEDINGT <span style=\"text-decoration: underline;\">VERSCHOBEN<\/span> AUF FR\u00dcHJAHR:<\/p>\n<p>12.9. herbst.wort.lieder mit Band&nbsp;<\/p>\n<div id=\"eventinfo\">\n<div id=\"main-info\">\n<div id=\"presenter\">G\u00fcnter Sch\u00fctter &amp; Christian Delellis pr\u00e4sentieren<\/div>\n<div id=\"title\">herbst.wort.lieder 7.0<\/div>\n<div id=\"subtitle\">Das genre\u00fcbergreifende Mikrofestival<\/div>\n<\/div>\n<\/div>\n<p>Veranstaltungsort: Rathaussaal Pinkafel <br \/>Hauptplatz 1, 7423 Pinkafeld <br \/><time datetime=\"2020-09-12T20:00:00+02:00\">Samstag, 12. September 2020 <\/time><\/p>\n<div id=\"doors\">Einlass: 19:00 Uhr<\/div>\n<div id=\"begins\">Beginn: 20:00 Uhr<\/div>\n<p>K\u00fcnstler: Betonwatte, Sibylle Kefer, Fuzzman, herbst.wort.lieder All Stars feat. MK2, Christoph Grissemann &amp; Manfred Engelmayr: The Samuel Pepys Show<\/p>\n<\/li>\n<\/ul>\n<\/div>\n<div>&nbsp;<\/div>\n<div>&nbsp;<\/div>\n<div>&nbsp;<\/div>\n<div>&nbsp;<\/div>\n<div>&nbsp;<\/div>\n<h1 id=\"cc-m-header-11115418098\">&nbsp;<\/h1>\n<h6>Sibylle Kefer SOLO\/DUO:<\/h6>\n<ul>\n<li>Montag, 22.09.2021, 19.00 Uhr, Anfangstra\u00dfe im 22. Bezirk beim Camp f\u00fcr die Lobau (im Park). Kommen und Unterst\u00fctzen! <a href=\"https:\/\/www.facebook.com\/hashtag\/lobautunnel?__eep__=6&amp;__cft__[0]=AZVMB57GzCOmxSr6b8OxGhAuQ2bHHHeJQ8QqFiuZenR7iszcTZLYYwiVGCmucKLigKpWS6Y6kYPI2VYzPUh9n3sko3VR_5OznnFN4DAfGh3Dm8S94j-nwA0Wq1-pW9pSKlS_r58pkjP6vvxt0OPJX1jJ7SPsQ6CLuGSm4Xa8tTIrOQijDKrCV065B6EJYvjBhfo&amp;__tn__=*NK-R\">#<\/a><a href=\"https:\/\/www.facebook.com\/hashtag\/lobauautobahn?__eep__=6&amp;__cft__[0]=AZVMB57GzCOmxSr6b8OxGhAuQ2bHHHeJQ8QqFiuZenR7iszcTZLYYwiVGCmucKLigKpWS6Y6kYPI2VYzPUh9n3sko3VR_5OznnFN4DAfGh3Dm8S94j-nwA0Wq1-pW9pSKlS_r58pkjP6vvxt0OPJX1jJ7SPsQ6CLuGSm4Xa8tTIrOQijDKrCV065B6EJYvjBhfo&amp;__tn__=*NK-R\">stadtbahnstra\u00dfe #lobauautobahn<\/a><a href=\"https:\/\/www.facebook.com\/hashtag\/lobau?__eep__=6&amp;__cft__[0]=AZVMB57GzCOmxSr6b8OxGhAuQ2bHHHeJQ8QqFiuZenR7iszcTZLYYwiVGCmucKLigKpWS6Y6kYPI2VYzPUh9n3sko3VR_5OznnFN4DAfGh3Dm8S94j-nwA0Wq1-pW9pSKlS_r58pkjP6vvxt0OPJX1jJ7SPsQ6CLuGSm4Xa8tTIrOQijDKrCV065B6EJYvjBhfo&amp;__tn__=*NK-R\"> #lobau<\/a><a href=\"https:\/\/www.facebook.com\/hashtag\/fridaysforfuture?__eep__=6&amp;__cft__[0]=AZVMB57GzCOmxSr6b8OxGhAuQ2bHHHeJQ8QqFiuZenR7iszcTZLYYwiVGCmucKLigKpWS6Y6kYPI2VYzPUh9n3sko3VR_5OznnFN4DAfGh3Dm8S94j-nwA0Wq1-pW9pSKlS_r58pkjP6vvxt0OPJX1jJ7SPsQ6CLuGSm4Xa8tTIrOQijDKrCV065B6EJYvjBhfo&amp;__tn__=*NK-R\"> #fridaysforfuture<\/a><a href=\"https:\/\/www.facebook.com\/hashtag\/sibyllekefer?__eep__=6&amp;__cft__[0]=AZVMB57GzCOmxSr6b8OxGhAuQ2bHHHeJQ8QqFiuZenR7iszcTZLYYwiVGCmucKLigKpWS6Y6kYPI2VYzPUh9n3sko3VR_5OznnFN4DAfGh3Dm8S94j-nwA0Wq1-pW9pSKlS_r58pkjP6vvxt0OPJX1jJ7SPsQ6CLuGSm4Xa8tTIrOQijDKrCV065B6EJYvjBhfo&amp;__tn__=*NK-R\"> #sibyllekefer<\/a><\/li>\n<li>20.11. Arenabar Wien Solo <span style=\"text-decoration: underline;\">ABGESAGT\/VERSCHOBEN<\/span><\/li>\n<li>20.10. Er\u00f6ffnung Loopsession G\u00fcrtelb\u00f6gen Wien Sibylle und Christoph Neubacher-Kefer<img loading=\"lazy\" decoding=\"async\" class=\"alignnone size-large wp-image-772\" src=\"https:\/\/www.sibyllekefer.at\/blog\/wp-content\/uploads\/\/christoph-und-sibylle-by-johannes-wahl1-1024x703.jpg\" alt=\"\" width=\"640\" height=\"439\" srcset=\"https:\/\/www.sibyllekefer.at\/blog\/wp-content\/uploads\/christoph-und-sibylle-by-johannes-wahl1-1024x703.jpg 1024w, https:\/\/www.sibyllekefer.at\/blog\/wp-content\/uploads\/christoph-und-sibylle-by-johannes-wahl1-300x206.jpg 300w, https:\/\/www.sibyllekefer.at\/blog\/wp-content\/uploads\/christoph-und-sibylle-by-johannes-wahl1-768x528.jpg 768w, https:\/\/www.sibyllekefer.at\/blog\/wp-content\/uploads\/christoph-und-sibylle-by-johannes-wahl1.jpg 1600w\" sizes=\"auto, (max-width: 640px) 100vw, 640px\" \/>\n<ul>\n<li><a href=\"https:\/\/fb.me\/e\/2UQfdy4Bs\">https:\/\/fb.me\/e\/2UQfdy4Bs<\/a><\/li>\n<\/ul>\n<\/li>\n<li>22.8. Chelsea Wien Duogig gemeinsam mit Christoph Neubacher-Kefer<\/li>\n<\/ul>\n<p><img loading=\"lazy\" decoding=\"async\" class=\"alignnone size-large wp-image-736\" src=\"https:\/\/www.sibyllekefer.at\/blog\/wp-content\/uploads\/\/IMG_1408-768x1024.jpg\" alt=\"\" width=\"640\" height=\"853\" srcset=\"https:\/\/www.sibyllekefer.at\/blog\/wp-content\/uploads\/IMG_1408-768x1024.jpg 768w, https:\/\/www.sibyllekefer.at\/blog\/wp-content\/uploads\/IMG_1408-225x300.jpg 225w\" sizes=\"auto, (max-width: 640px) 100vw, 640px\" \/><span style=\"font-size: inherit;\">Foto by Marilies Kefer<\/span><\/p>\n<p><b>Sa, 22.08.<\/b><\/p>\n<p><b>SIBYLLE KEFER &amp; CHRISTOPH NEUBACHER-KEFER<\/b><\/p>\n<p>VVK: 12,-\/AK: 14,-<\/p>\n<p>Doors: 20h; Start: 20.30h<\/p>\n<p>Im Herbst 2019 ver\u00f6ffentlichte die in Bad Ischl geborene Wahl-Wienerin SIBYLLE KEFER ihr bereits f\u00fcnftes Album, \u201eSibylle Kefer\u201c. Darauf finden sich neben Bandst\u00fccken und elektronischen Tracks Lieder, die den reduzierten Gestus ihres 2017 erschienenen Albums \u201eHob i di\u201c weiter kultivieren, dabei neue Nuancen ihrer Liedkunst finden. Gitarre, Stimme, unpr\u00e4tenti\u00f6se Texte, meist in einem Dialekt gesungen, der Kefers Lebenswelt zwischen Wien und Ober\u00f6sterreich sprachlich reflektiert, inhaltlich von einer Verst\u00e4ndlichkeit und ungek\u00fcnstelten Direktheit \u2013 \u201emenschln\u201c, \u201eda taxla\u201c, \u201emei bua\u201c, \u201eluxusproblem\u201c \u2013 die so kaum zu h\u00f6ren sind. Bei ERNST MOLDEN &amp; DAS FRAUENORCHESTER Teil einer der spannendsten Bands des Landes, sch\u00f6pft sie heute aus ihrem best\u00e4ndig wachsenden Songkatalog, dazu gibt es erstmals das Ehepaar Neubacher-Kefer auf einer B\u00fchne zu h\u00f6ren. Christoph macht seit gef\u00fchlten Ewigkeiten Musik, bietet uns seinerseits mit Stimme, Gitarre und Loops Solo-Songs. Dazu wir werden heute (die beinahe) Weltwienpremiere von einigen Duo-St\u00fccken h\u00f6ren! Wer wei\u00df, was sonst noch alles Gutes und Spannendes passiert!<\/p>\n<p><i>Vorverkaufskarten erh\u00e4ltlich bei <\/i><a href=\"http:\/\/www.ticketliste.at\/\"><i>wienXtra-jugendinfo<\/i><\/a><\/p>\n<\/p>\n<ul>\n<li>\n<p>7.7. (mit Schlechtwetter-Eratztermin 8.7.)&nbsp;&#8222;2 Silent Bootskonzerte 18 Uhr und 20 Uhr (2 sets \u00e0 ca 60 min, nur 100 Publikum je Fahrt)<\/p>\n<p><a href=\"https:\/\/www.oliverhangl.com\/projects\/walks-rides-trails\/silent-bootskonzert.html\">https:\/\/www.oliverhangl.com\/projects\/walks-rides-trails\/silent-bootskonzert.html<\/a><\/p>\n<\/li>\n<li>27.6. Schlachthof Wels, Gastgarten, 20 Uhr<\/li>\n<li>Digitales Wohnzimmerkonzert Dienstag, 12. Mai um 19 Uhr im roomservice; Ticket \u20ac5.- erh\u00e4ltlich unter: https:\/\/4gamechangers.io\/de\/roomservice\/<\/li>\n<li>Coronastage standard<\/li>\n<li>abgesagt 28.4. Er\u00f6ffnung Session Sch\u00f6nbach Loop<\/li>\n<li>abgesagt 3.4. Arenabar (gemeinsam mit <a href=\"http:\/\/www.drahmasauf.at\/\">www.drahmasauf.at)<\/a><\/li>\n<li>abgesagt 28.3. Er\u00f6ffnung 20 Jahre Forum Ebensee solo<\/li>\n<li>\n<p>7. 3. 2020 Sibylle Kefer &amp; Sigrid Horn Doppelkonzert Wels<\/p>\n<\/li>\n<li>31.1. Duokonzert mit meinem Mann Christoph Neubacher-Kefer in Wien\/Jeanskamel! Mit einem wunderbaren Namensfehler in der Ank\u00fcndigung, yeah:<img decoding=\"async\" src=\"https:\/\/scontent-vie1-1.cdninstagram.com\/v\/t51.2885-15\/e35\/s1080x1080\/83058246_163469031649455_5561693018093721200_n.jpg?_nc_ht=scontent-vie1-1.cdninstagram.com&amp;_nc_cat=103&amp;_nc_ohc=wnlpEmXl7W8AX_3L4f2&amp;oh=8f9561144500ee5dd3da510726ce7003&amp;oe=5EC1F36C\">\n<div class=\"caption\">WOHNZIMMERKONZERT 31.1. at 20 h Sibylle Kefer &amp; Christoph Neunfacher-Kefer Singer &amp; Songwriter Brilliant und zart! #jeanskamel #jeanskamelvienna #sibyllekefer #christophneunfacherkefer #hernals #singer #singersongwriter #dialekt #vienna #wohnzimmerkonzert<\/div>\n<\/li>\n<li>21.1. walking concert Salzburg\/Izling<\/li>\n<li>\n<p>17.1. Seeseiten Buchhandlung Seestadt Sibylle solo<\/p>\n<\/li>\n<li>11.12. Wien \/ Hopfen &amp; Malz Simmering \/ im Rahmen von wiendialekt &#8211; Musikalischer Adventkalender<\/li>\n<\/ul>\n<p>http:\/\/wienerlied-und.at\/Home\/Programm-Detail\/concert-id\/59920<\/p>\n<p>https:\/\/tickets.wienerlied-und.at\/at\/sibylle-kefer-at<\/p>\n<ul>\n<li>12.12. Radiokulturhaus im Rahmen von Licht ins Dunkel, gemeinsam mit anderen Solok\u00fcnstlern<\/li>\n<\/ul>\n<ul>\n<li>15.11. Music Distillery &#8211; musikalisches Blind- und Speed-Dating<\/li>\n<\/ul>\n<p>&nbsp;&nbsp;&nbsp;&nbsp;&nbsp;&nbsp;&nbsp;&nbsp; Ankersaal, 20 Uhr<\/p>\n<p><img loading=\"lazy\" decoding=\"async\" class=\"alignnone size-large wp-image-540\" src=\"https:\/\/www.sibyllekefer.at\/blog\/wp-content\/uploads\/\/IMG_1710-e1573771560323-768x1024.jpg\" alt=\"\" width=\"640\" height=\"853\" srcset=\"https:\/\/www.sibyllekefer.at\/blog\/wp-content\/uploads\/IMG_1710-e1573771560323-768x1024.jpg 768w, https:\/\/www.sibyllekefer.at\/blog\/wp-content\/uploads\/IMG_1710-e1573771560323-225x300.jpg 225w\" sizes=\"auto, (max-width: 640px) 100vw, 640px\" \/><\/p>\n<ul>\n<li>verein08<\/li>\n<li>CD-RELEASEKONZERT sibylle kefer<br \/>Live-Pr\u00e4sentation:<br \/>Do. 26.9. 2019, 19h\/Neruda, www.neruda.at<br \/>Eintritt Frei!<\/li>\n<li>31.7. Perchtoldsdorf Heuriger Breitenecker \/ mit Martin Klein Beginn: 20 Uhrhttp:\/\/www.weinbau-breitenecker.at\/<br \/>Elisabethstra\u00dfe 20<br \/>2380 Perchtoldsdorf<\/li>\n<li>28.4.2019 Auf der Suche nach Verstecken El Tren<\/li>\n<li>5.4.2019 Arenabar, Wien\n<div class=\"nl_list_date\"><span class=\"list_date_wday\"><img decoding=\"async\" src=\"https:\/\/aktionsradius.at\/webroot\/files\/image\/Fotos_Arena%20Bar%20Konzerte\/2019-04-05_Kefer-Wendepunkt_nl.jpg\" height=\"170\"><\/span><\/div>\n<div class=\"nl_list_date\"><span class=\"list_date_wday\">FR<\/span> <span class=\"nl_list_date_day\">05. <\/span> <span class=\"nl_list_date_monthyear\">April<\/span> 2019<\/div>\n<p><span class=\"nl_list_date_time\">19:30 Uhr<\/span><\/p>\n<div class=\"nl_event_location\">Arena Bar<\/div>\n<div class=\"nl_event_title\">\n<h3>Frauen:Musik: Konzert Sibylle Kefer \/\/ Wende Punkt<\/h3>\n<\/div>\n<div class=\"nl_event_subtitle\">\n<h4>Singer-Songwriterinnen on Stage<\/h4>\n<\/div>\n<div class=\"nl_event_teaser\">\n<p>Die Reihe Frauen:Musik &#8211; veranstaltet, konzipiert und moderiert von <strong>Robert Fischer, <\/strong>l\u00e4dt zum Doppelkonzert:<\/p>\n<p><strong>SYBILLE KEFER &#8211; solo: <\/strong>Sibylle Kefer stammt aus Bad Goisern (verwandt mit Austropop-Legende Wilfried), ist ausgebildete Musiktherapeutin und hat daneben aber schon seit ihrer Jugend in verschiedenen Musikgruppen gesungen und musiziert. Sie spielt ausgezeichnet Querfl\u00f6te und Gitarre, war Mitglied der Ausseer Hardbradler, ist in der aktuellen Band von Ernst Molden und unterrichtet als Dozentin f\u00fcr Jazzgesang am Gustav-Mahler-Konservatorium. Stilistisch im Singer-Songwriterbereich angesiedelt, aber gelegentlich mit Jazz und Folk angereichert, sind die Lieder auf &#8222;Hob i di&#8220; zumeist ruhig und unaufgeregt. In der Arena Bar wird Sybille Kefer ihre Lieder bei einem Solo-Auftritt pr\u00e4sentieren. Und wer wei\u00df, vielleicht wird es auch den einen oder anderen spontanen Gast-Auftritt geben. <a href=\"https:\/\/www.sibyllekefer.at\/blog\/\" target=\"_blank\" rel=\"noopener noreferrer\">https:\/\/www.sibyllekefer.at\/blog\/<\/a><br \/><strong>WENDE PUNKT: <\/strong>Mit melancholischer Heiterkeit und pulsierender Fragilit\u00e4t spielt sich Wende Punkt in Herz, Hirn und unter die Haut. Die deutschsprachigen Texte zwischen Alltags-philosophie und Lautmalerei, Lokalkolorit und Wortspiel plaudern ihren beschwingten Weg in die Ohren der Zuh\u00f6rerInnen. Wendi Gessner, geboren 1985 in Graz, absolvierte den Lehrgang Medienkomposition an der SET und ist in den Bereichen Bildende- bzw. Medien-Kunst und Musik in ihrer Wahlheimat Wien t\u00e4tig. Zuletzt war Wendi Gessner auch als Autorin und illustratorin t\u00e4tig und hat 2018 das bezaubernde Kinderbuch \u201eCleo Klang \u2013 Eine musikalische Entdeckungsreise durch das Haus der Musik&#8220; ver\u00f6ffentlicht. In der Arena Bar wird Wende Punkt mit einem raren Solo Auftritt zu h\u00f6ren sein. <a href=\"http:\/\/www.wendepunktpunkt.at\/wp\/\" target=\"_blank\" rel=\"noopener noreferrer\">http:\/\/www.wendepunktpunkt.at\/wp\/<\/a><\/p>\n<\/div>\n<div class=\"nl_event_admission\">Eintritt: K\u00fcnstlerspende!<\/div>\n<div class=\"nl_event_additionalinformation\">\n<p>Arena Bar<br \/>1050 Wien, Margaretenstra\u00dfe 117<\/p>\n<\/div>\n<\/li>\n<li>27.4. \u00d6GIT \u00d6sterreichische Gesellschaft f\u00fcr Integrative Therapie Wien<\/li>\n<li>27.3.2019 Linz, Blackbox<\/li>\n<li>8.3.2018 zu Gast bei Mary Broadcast &#8222;Frauen im Klick&#8220; Cafe 7Stern Wien <a href=\"https:\/\/www.facebook.com\/marybroadcast\/photos\/gm.2009818895979598\/2352003348146129\/?type=3\">https:\/\/www.facebook.com\/marybroadcast\/photos\/gm.2009818895979598\/2352003348146129\/?type=3<img decoding=\"async\" class=\"spotlight\" src=\"https:\/\/scontent-vie1-1.xx.fbcdn.net\/v\/t1.0-9\/51929169_2352003351479462_5387193168888332288_n.jpg?_nc_cat=101&amp;_nc_ht=scontent-vie1-1.xx&amp;oh=afbb7557d2bce5f30906cc0fb3c1542e&amp;oe=5D236FE0\" alt=\"Bild k\u00f6nnte enthalten: 2 Personen, Personen, die lachen, Meme und Text\" aria-busy=\"true\"><\/a><\/li>\n<li>23.2.2019 Syriana, Bad Goisern<\/li>\n<li><img decoding=\"async\" class=\"spotlight\" src=\"https:\/\/scontent-vie1-1.xx.fbcdn.net\/v\/t1.0-9\/51998490_10210661641255802_8413296704673021952_n.jpg?_nc_cat=111&amp;_nc_ht=scontent-vie1-1.xx&amp;oh=38e61912f16082ce3d5c689cd1cac653&amp;oe=5CE46F8B\" alt=\"Keine Fotobeschreibung verf\u00fcgbar.\" aria-busy=\"true\"><\/li>\n<li>&nbsp;<\/li>\n<li>10.11.2018: Er\u00f6ffnung Haus der Geschichte 13 Uhr, Heldenplatz<\/li>\n<\/ul>\n<div class=\"module module_text \" data-text=\"Enter text here\">\n<p><strong>Um 13 Uhr startet das Festprogramm mit K\u00fcnstlerInnen am Heldenplatz<\/strong>: Ernst Molden und Sibylle Kefer, Marina &amp; The Kats, Thomas Maurer, Harri Stojka, klezmer reloaded, Mieze Medusa, Kreisky, mit einem Pop Museum mit Wolfgang Kos und einer polymedialen live Performance von Aiko und starsky!<\/p>\n<\/div>\n<ul>\n<li>Oktober:\n<ul>\n<li>12.10.2018: https:\/\/www.rez.at\/festabend<\/li>\n<\/ul>\n<\/li>\n<\/ul>\n<ul>\n<li>August:\n<div class=\"eventlist one-whole push--bottom js-output-termine\">\n<div class=\"eventlist__card float--left grid one-whole\">\n<ul>\n<li class=\"eventlist__item eventlist__item--date grid__item three-twelfths\">Do, 02. 08. 2018<br \/><span class=\"eventlist__item eventlist__item--time\">19:30 UHR &#8211; <\/span>Doppelkonzert mit Robert Rotifer<a href=\"https:\/\/www.kleinezeitung.at\/kultur\/wohin\/ort\/index.do?location_id=59439\">&nbsp;Theater am Spittelberg, Wien <\/a><\/li>\n<\/ul>\n<\/div>\n<\/div>\n<ul>\n<li>Litschau Festival SOLO<\/li>\n<\/ul>\n<\/li>\n<\/ul>\n<ul>\n<li>Juni:<br \/>15.6. SOLO beim Viertelfestival im Waldviertel\/Wirtsh\u00e4user an der Grenze<br \/>16.6. SOLO beim Viertelfestival im Waldviertel\/Wirtsh\u00e4user an der Grenze<br \/>17.6. SOLO beim Viertelfestival im Waldviertel\/Wirtsh\u00e4user an der GrenzeApril: 6.4. ARENA-BAR Doppelkonzert mit Magdalena Piatti<\/li>\n<li>April: 14.4. Br\u00e4ugasthaus Lobisser, Hallstatt<\/li>\n<\/ul>\n<h2><strong data-rich-text-format-boundary=\"true\">Ernst Molden und Sibylle Kefer:<\/strong><\/h2>\n<ul>\n<li>15.10.2021: Kongress Hallstatt<\/li>\n<\/ul>\n<h2><strong>Ernst Molden und das Frauenorchester:<\/strong><\/h2>\n<ul>\n<li>31.07.2021: Gutenstein<\/li>\n<li>21.08.2021: Litschau<\/li>\n<li>17.09.2021: Mitten in Favoriten<\/li>\n<li>18.09.2021: Orth\/Donau<\/li>\n<li>24.09.2021: B\u00fchne im Hof\/St. P\u00f6lten<\/li>\n<li>20.10.2021: Neunkirchen<\/li>\n<li>05.09.2020 &#8211; Lunz am See \/ Gipfelkl\u00e4nge\n<ul>\n<li>\n<p>abgesagt 1.7. Maria Anzbach<\/p>\n<\/li>\n<li>\n<p>abgesagt 20.6. Wiener Neustadt<\/p>\n<\/li>\n<li><span style=\"font-size: inherit;\">abgesagt 24.6. Lustspielhaus M\u00fcnchen<\/span><\/li>\n<li>abgesagt 25.6. Hall in Tirol\/Burggarten<\/li>\n<\/ul>\n<\/li>\n<li><span style=\"font-size: inherit;\">1.7. Theater am Spittelberg, Wien<\/span><\/li>\n<li>\n<p>18.7. baul\u00fccke wien 3<\/p>\n<\/li>\n<li>29.7. Gutenstein<\/li>\n<li>20.8. hall in tirol<\/li>\n<li>abgesagt 25.4. Obermarkersdorf bei Retz<\/li>\n<li>abgesagt 24.4. tbc<\/li>\n<li>abgesagt 28.3. Waidhofen<\/li>\n<li>abgesagt 22.3. Mozartsaal Wien Konzerthaus<\/li>\n<li>1.3. Elbphilharmonie Hamburg<\/li>\n<li>27.2. Kottingbrunn<\/li>\n<li>25.2. &#8222;bezahlte Probe&#8220; vor Publikum Theater Akzent<\/li>\n<li>22.2. Fl\u00fcchtlingsball Rathaus<\/li>\n<li>9.1. Arge Salzburg ARGE 20 Uhr<\/li>\n<li>10.1. \u00d6blarn KUL \u00d6BLARN \/ STEIERMARK 20 Uhr<\/li>\n<li>11.1. TREIBHAUS INNSBRUCK \/ TIROL 20 Uhr<\/li>\n<li>27.11. Christkindlmarkt Karlsplatz<\/li>\n<li>7.12. B\u00fchne Mayer M\u00f6dling<\/li>\n<li>19.12. Porgy<\/li>\n<li>24.10. Bad Ischl<\/li>\n<li>27.10. Wolkersdorf<\/li>\n<li>Melk<\/li>\n<li>25.8. Gumpoldskirchen Weinfest<\/li>\n<li><a dir=\"ltr\" href=\"x-apple-data-detectors:\/\/30\">28.08.19<\/a>&nbsp;Klagenfurt \/ Minimundus<\/li>\n<li><a dir=\"ltr\" href=\"x-apple-data-detectors:\/\/32\">29.08.19<\/a>&nbsp;Bruck an der Mur \/ Schlossberg<\/li>\n<li><a dir=\"ltr\" href=\"x-apple-data-detectors:\/\/34\">31.08.19<\/a>&nbsp;Berg \/ Kellergasse gegen Kinderarmut<\/li>\n<li><a dir=\"ltr\" href=\"x-apple-data-detectors:\/\/36\">04.09.19<\/a>&nbsp;M\u00fcnchen \/ Lustspielhaus<\/li>\n<li><a dir=\"ltr\" href=\"x-apple-data-detectors:\/\/38\">14.09.19<\/a>&nbsp;Obertrum \/ Trumer Brauerei<\/li>\n<li>24.9. Stadtsaal<\/li>\n<li>27.9. Burghausen<\/li>\n<li>28.9. Dornbirn<\/li>\n<li>2.7. Theater am Spittelberg<\/li>\n<li>11.7. Gmunden\/Vorchdorf<\/li>\n<li>13.4. G\u00f6ttweig<\/li>\n<li>2.6. Baul\u00fcckenkonzert Wien<\/li>\n<li>12.12.18 Posthof Linz<\/li>\n<li>13.12. 18 Dornbirn Spielboden<\/li>\n<li>14.12.18 Innsbruck<\/li>\n<li>19.12. 18 Porgy &amp; Bess<\/li>\n<li>12.1. 19 Wels<\/li>\n<li>17.1. 19 Amstetten<\/li>\n<li>18.1. 19 Perchtoldsdorf<\/li>\n<li>Juli: 17.7.18, Theater am Spittelberg<\/li>\n<li>7.5. 18 Stadtsaal<\/li>\n<li>CD-PR\u00c4SENTATION!!<br \/>20.11.18 Stadtsaal Frauenorchester<\/li>\n<li>22.11.18 St. P\u00f6lten B\u00fchne im Hof<\/li>\n<li>5.12. 18 Arge Salzburg<\/li>\n<\/ul>\n<ul>\n<li>&nbsp;<\/li>\n<\/ul>\n<div>\n<h2>Freilich (drei) (Gfrerer, Kefer, Krispel):<\/h2>\n<\/div>\n<div>\n<ul>\n<li>Mittwoch 15.7., CHELSEA Wien =&gt;&nbsp;Die abgesagte Buchpr\u00e4sentation 25.3. Musikarbeiter unterwegs wird nachgeholt, juhu!!! Wir spielen auch Songs von mir.\n<p>Lesung<br \/>FREILICH (3) Gfrerer\/Kefer\/Krispel<br \/>HIRN MIT EI<\/p>\n<\/li>\n<\/ul>\n<\/div>\n<p><strong>Theaterst\u00fcck Mayerling<\/strong><\/p>\n<ul>\n<li>www.rabenhoftheater.com<strong><br \/><\/strong>\n<\/p>\n<ul>\n<li>6.12.2018<\/li>\n<li>7.12.2018<\/li>\n<\/ul>\n<p>April: 7.4. Mayerling St. P\u00f6lten<\/p>\n<\/li>\n<li>30.4. Rabenhof<\/li>\n<li>Ein Singspiel von Wilderern und Habsburgern<\/li>\n<\/ul>\n<p><img decoding=\"async\" id=\"cc-m-imagesubtitle-image-11115414398\" class=\"\" src=\"https:\/\/image.jimcdn.com\/app\/cms\/image\/transf\/none\/path\/sf59501ce308549e8\/image\/i4ebf9985a3dc234f\/version\/1498041668\/image.jpg\" sizes=\"(min-width: 555px) 555px, 100vw\" srcset=\"https:\/\/image.jimcdn.com\/app\/cms\/image\/transf\/dimension=320x10000:format=jpg\/path\/sf59501ce308549e8\/image\/i4ebf9985a3dc234f\/version\/1498041668\/image.jpg 320w, https:\/\/image.jimcdn.com\/app\/cms\/image\/transf\/none\/path\/sf59501ce308549e8\/image\/i4ebf9985a3dc234f\/version\/1498041668\/image.jpg 555w\" alt=\"\" data-src-width=\"555\" data-src-height=\"555\" data-src=\"https:\/\/image.jimcdn.com\/app\/cms\/image\/transf\/none\/path\/sf59501ce308549e8\/image\/i4ebf9985a3dc234f\/version\/1498041668\/image.jpg\" data-image-id=\"7590121798\"><\/p>\n<table class=\"datum\">\n<tbody>\n<tr>\n<td class=\"datum\">&nbsp;<a>10. Jan. 2018, 20:00<\/a>&nbsp;|<\/td>\n<\/tr>\n<tr>\n<td class=\"datum\"><a>11. Jan. 2018, 20:00<\/a>&nbsp;|<\/td>\n<\/tr>\n<\/tbody>\n<\/table>\n<p>https:\/\/www.rabenhoftheater.com\/saison-2017-18\/premieren\/mayerling\/<\/p>\n<ul>\n<li><span lang=\"en-GB\"><b>netzzeit 2017 out of control \/ <\/b><\/span><span lang=\"en-GB\"><u><b>directors u 35<\/b><\/u><\/span><\/li>\n<li><strong>Termine:<\/strong> 7.-10. und 14.-17. Dezember 2017 (Beginn 19.30 Uhr)<br \/><strong>Ort:<\/strong> Ehemaliges k.k. Post- und Telegraphenamt (Architekt Eugen Fassbender), 1070 Wien, Zollergasse 31<br \/><strong>Karten<\/strong> zu 14 Euro: <a href=\"mailto:netzzeit@netzzeit.at\">netzzeit@netzzeit.at <\/a>oder 0660\/657 35 48<strong>Infos:<\/strong>&nbsp;<a href=\"http:\/\/www.netzzeit.at\">www.netzzeit.at<\/a><strong>Presseinfos:<\/strong> Barbara Vanura \/ <a href=\"mailto:vanura@aon.at\">vanura@aon.at<\/a>, Tel. 0676\/341 75 48<strong>Mit<br \/><\/strong>Bettina Ernst, Valentin Frantsits, Johannes Gl\u00fcck, Sibylle Kefer, Babsi Kramer, Valentina Schatzer, Shureen Shab-Par, Christina Scherrer<strong>Musik<br \/><\/strong>Sarah Brait, Anna Defant, Emil Delivuk, Lukas Meschik, Robin Prischink, Philipp \u201eScheibsta\u201c Scheiblbrandner, Thomas WisserKonzept \/ Regie: <strong>Kai Anne Schuhmacher<br \/><\/strong>Dramaturgie: <strong>Harald Reiweger (Tag8)<br \/><\/strong>Komposition \/ Musikalische Leitung: <strong>Clemens Wenger (5\/8erl in Ehr\u2018n)<br \/><\/strong>K\u00fcnstlerische Leitung: <strong>Nora Scheidl &amp; Michael Scheidl<br \/><\/strong>Ausstattung : <strong>Lilija Tchourlina<br \/><\/strong>Regieassistenz: <strong>Tina Tiefnig<br \/><\/strong>Technische Leitung: <strong>Alexander Riff<br \/><\/strong>B\u00fchnentechnik:<strong> plan b<br \/><\/strong>Videotechnik: <strong>Georg Novotny<\/strong><\/li>\n<\/ul>\n<div class=\"clearfix _8u _42ef\">\n<ul>\n<li>\n<div class=\"\"><b class=\"\">13.12.2017, Porgy und Bess<\/b><\/div>\n<div class=\"\">&nbsp;<\/div>\n<div class=\"\"><b class=\"\">ERNST MOLDEN und DAS FRAUENORCHESTER<\/b><\/div>\n<div class=\"\"><b class=\"\">ft. SIBYLLE KEFER, MARLENE LACHERSTORFER und MARIA PETROVA<\/b><\/div>\n<\/li>\n<li>Februar:<br \/>19.2. Mayerling<br \/>26.2. Mayerling<br \/>27.2. Mayerling<\/li>\n<\/ul>\n<\/div>\n<ul>\n<li class=\"_fwx\">\n<div class=\"\"><b class=\"\">J\u00e4nner:<br \/>10.1. Mayerling<br \/>11.1. Mayerling<\/b><\/div>\n<\/li>\n<li class=\"_fwx\">\n<div class=\"\"><b class=\"\">26.11. Mayerling<\/b><\/div>\n<\/li>\n<li class=\"_fwx\">\n<div class=\"\"><b class=\"\">21.11. Mayerling<\/b><\/div>\n<\/li>\n<li class=\"_fwx\">\n<div class=\"\"><b class=\"\">18.11., Zweistern Wien<\/b><\/div>\n<\/li>\n<li class=\"_fwx\">8.11. Mayerling<\/li>\n<li class=\"_fwx\">\n<div class=\"\"><b class=\"\">16.10.2017, Theater am Spittelberg<\/b><\/div>\n<\/li>\n<li class=\"_fwx\">\n<div class=\"\">SA 14.10.2017<\/div>\n<div class=\"\">Getreidegasse, 5020 SALZBURG<\/div>\n<div class=\"\">14:15- 18:00<\/div>\n<div class=\"\">ich spiele mit Pausen innerhalb dieser Zeit<\/div>\n<div class=\"\">Podest im Sternbr\u00e4ugarten, Griesgasse 23<\/div>\n<\/li>\n<li>Fr 13.10.2017, Wohnzimmerkonzert in Wien, weitere Infos in K\u00fcrze<\/li>\n<li><span class=\"tribe-event-date-start\"><a href=\"https:\/\/www.facebook.com\/events\/1871070276479491\/?acontext=%7B%22ref%22%3A%223%22%2C%22ref_newsfeed_story_type%22%3A%22regular%22%2C%22feed_story_type%22%3A%22117%22%2C%22action_history%22%3A%22null%22%7D\" data-hover=\"tooltip\" data-tooltip-display=\"overflow\" data-tooltip-content=\"WUK Sommer - Platzkonzert\">WUK Sommer &#8211; Platzkonzert <\/a><span class=\"eventTime\">Fr , 28. Juli 2017, <span title=\"10:00 in deiner Zeitzone\">19:00, freier Eintritt<\/span><\/span> \u00b7 <a href=\"https:\/\/www.facebook.com\/wukvienna\/\">WUK<\/a> \u00b7 Wien<\/span><\/li>\n<li>18. Juli 2017 Theater am Spittelberg\/ 1070 Wien\n<div class=\"\"><b class=\"\"><u class=\"\">19.30 Uhr<\/u><\/b><\/div>\n<\/li>\n<li>14. Juli 2017\n<div class=\"\"><b class=\"\"><u class=\"\">20.00 Uhr<br \/><\/u><\/b><\/div>\n<div class=\"\"><b class=\"\">GLATT &amp; VERKEHRT im SCHLOSS ZU SPITZ \/ N\u00d6<\/b><\/div>\n<div class=\"\"><b class=\"\">\u201eSCHDROM&#8220;&nbsp;<\/b><\/div>\n<div class=\"\"><b class=\"\">mit ERNST MOLDEN, SIBYLLE KEFER, ANDREJ PROZOROV, WILLI RESETARITS, WALTHER SOYKA, KARL STIRNER und HANNES WIRTH&nbsp;<\/b><\/div>\n<div class=\"\">\n<div class=\"\"><b class=\"\">DER ABEND IST LEIDER SCHON AUSVERKAUFT!<\/b><\/div>\n<\/div>\n<\/li>\n<li><span class=\"tribe-event-date-start\">6.5.&nbsp; Karlstag am Karlsplatz<\/span><\/li>\n<li><span class=\"tribe-event-date-start\">19.5. 19:30, <\/span><span class=\"author fn org\">Stadttheater Bad Hall<\/span>,<span class=\"tribe-address\"> <span class=\"tribe-street-address\">Steyrerstra\u00dfe 7<\/span><\/span><\/li>\n<li>28.4. Buchhandlung Frick Wien SOLO<\/li>\n<li>29.4. F\u00fcgen\/Zillertal &#8211; Feuerwerk &#8211; Solo vor Ernst Molden und Willi Resetarits<\/li>\n<li>30.4. Innsbruck\/Bierstindl &#8211; Solo vor Ernst Molden und Willi Resetarits<\/li>\n<li>24.3.2017, Smaragd Linz, solokonzert im rahmen eines doppelkonzertes mit kurti hinterh\u00f6lzl<\/li>\n<li>cd-releasekonzert &#8222;hob i di&#8220; am 9.3.2017, cafe heumarkt wien, 19.30 uhr unter mitwirkung von ernst molden, walther soyka, karl stirner, martina rittmannsberger<\/li>\n<\/ul>\n<ul>\n<li>ab 25. 9. 2013 Hafen Wien &#8211; Singspiel von Ernst Molden (Sibylle in der Band)<\/li>\n<li>Oktober Uni-Camp Salzburg (noch nicht fixiert)<\/li>\n<li>1. 12. 2013 &#8211; Er\u00f6ffnung Musikalischer Adventkalender Porgy&amp;Bess Sibylle Kefer Trio<\/li>\n<\/ul>\n<ul>\n<li>31. 7. 2013 &#8211; Stadtpark Wien Sibylle Kefer Trio<\/li>\n<li>14. 7. 2013 Silent Music Augarten Sibylle Kefer Trio<\/li>\n<li>Juli 2013 &#8211; Soyka\/Stirner\/Kefer &#8211; Bad Aussee<\/li>\n<li>Donauinselfest Sibylle Kefer Trio<\/li>\n<li>19. 6. 2013 &#8211; Celeste Sessionopener Schwerpunkt Singer-\/Songwriter<\/li>\n<li>16. 3. 2013 &#8211; Sargfabrik Wien Sibylle Kefer Solo<\/li>\n<li>22. 5. 2013 Leharkino Bad Ischl &#8211; Duo mit Michi Gapp, danach mit der Ernst Molden Band &amp; Willi Resetarits<\/li>\n<li>Fernsehaufzeichnung ServusTV &#8211; Salon am Dienstag<\/li>\n<li>3. 11. 2012: Walther Soyka, Karl Stirner, Sibylle Kefer: original Wiener Liebeslieder; Gasthof Goldmarie<\/li>\n<li>29. 09. 2012: RELEASEKONZERT considerbly reduced: Bad Goisern, Galerie 4822, Sibylle Kefer und Michi Gapp<\/li>\n<li>3. 10. 2012: 1070 Wien, Theater am Spittelberg, mit Ernst Molden und Walther Soyka<\/li>\n<li>17. 6. 2012: Walther Soyka, Karl Stirner, Sibylle Kefer: original Wiener Liebeslieder; Gasthof Goldmarie<\/li>\n<li>15. 5. 2012: Erinnerungskonzert f\u00fcr Werner Schilcher, Bad Goisern (u.a. mit WILFRIED)<\/li>\n<li>5.10.2011 &#8211; mit ernst molden und walther soyka im theater am spittelberg,1070 wien<\/li>\n<li>&nbsp;6.10.2011 &#8211; ernst zu gast bei stermann\/grissemann singt mit eben dieser besetzung (s.o.) \u201ces lem\u201d 22.45 uhr, orf 1.<\/li>\n<li>22.10.2011 &#8211; die neue platte von ernst molden &#8211; mit willi resetarits, ingrid lang ..<\/li>\n<li>und band &#8211; hei\u00dft weida foan, wir pr\u00e4sentieren sie am 22.10.&nbsp; im schutzhaus zur zukunftsch\u00f6ne aussichten, juhu!<\/li>\n<li>26. und 27. MAI 2011, jeweils 19 30im RABENHOF THEATER, rabengasse 3, 1030<\/li>\n<li>ERNST MOLDEN BAND &amp; G\u00c4STE &#8211; CD-Pr\u00e4sentationen<\/li>\n<\/ul>\n<p>ernst molden (voc, guitars)<\/p>\n<p>sibylle kefer (voc, flute)<br \/>heinz kittner (drums)<br \/>marlene lacherstorfer (bass)<br \/>walther soyka (harmonika, voc)<br \/>hannes wirth (guitars, voc)<br \/>starg\u00e4ste:<br \/>klemens lendl (geige)<br \/>ingrid lang (voc)<br \/>der nino aus wien (voc)<br \/>willi resetarits (voc, harp)<\/p>\n<ul>\n<li><strong>&nbsp;<\/strong>samstag, 3o. april 2011 duokonzert mit michi gapp in der galerie bad goisern bei andi pilz<\/li>\n<li>14. j\u00e4nner, 2011, 20 00, SCHUTZHAUS zur ZUKUNFT, Auf der Schmelz, 1150, Ernst Molden und Sibylle Keferim rahmen des festivals dicht!<\/li>\n<li>28. J\u00e4nner 2011, 20h30im Davis,K\u00fcrschnergasse 9(Direkt an der U1 Station \u201cGro\u00dffeldsiedlung)den Blues Jam feat. <span style=\"color: #bf00bf;\">LOCAL<\/span> <span style=\"color: #0000bf;\">VOCALS<\/span> -ein gipfeltreffen <span style=\"color: #bf005f;\">stimmgewaltiger S\u00e4ngerInnen<\/span> mit absolut <span style=\"color: #0000bf;\">spitzenm\u00e4\u00dfigen Musikern<\/span>&#8211;&nbsp;viele&nbsp;S\u00e4nger&nbsp;gemeinsam auf der B\u00fchne&nbsp;im Blues &#8211; eine grosse seltenheit &#8211; das wird Gospel!Reservierungen bei<strong>Sissi Simon, tel.: 0664-12347100<\/strong>oderreservierung@bluesimon.at<\/li>\n<\/ul>\n\n\n<p><\/p>\n","protected":false},"excerpt":{"rendered":"<p>sibylle kefer und band &#8212;&#8212;&#8212;&#8212;&#8212;&#8212;&#8212;&#8212;&#8212;&#8212;&#8212;&#8212;&#8212;&#8212;&#8212;&#8212;&#8212;&#8212;&#8212;&#8212;&#8212;&#8212;&#8212;&#8212;&#8212;&#8212;&#8212;&#8212;&#8212;&#8212;&#8212;&#8212;&#8212;&#8212;&#8212;&#8212;&#8212;&#8211; sibylle kefer solo &#8212;&#8212;&#8212;&#8212;&#8212;&#8212;&#8212;&#8212;&#8212;&#8212;&#8212;&#8212;&#8212;&#8212;&#8212;&#8212;&#8212;&#8212;&#8212;&#8212;&#8212;&#8212;&#8212;&#8212;&#8212;&#8212;&#8212;&#8212;&#8212;&#8212;&#8212;&#8212;&#8212;&#8212;&#8212;&#8212;&#8212;&#8211; photo by carina antl sibylle kefer duo &#8212;&#8212;&#8212;&#8212;&#8212;&#8212;&#8212;&#8212;&#8212;&#8212;&#8212;&#8212;&#8212;&#8212;&#8212;&#8212;&#8212;&#8212;&#8212;&#8212;&#8212;&#8212;&#8212;&#8212;&#8212;&#8212;&#8212;&#8212;&#8212;&#8212;&#8212;&#8212;&#8212;&#8212;&#8212;&#8212;&#8212;&#8211; VERGANGENE KONZERTE sibylle kefer band 06.03.26 RELEASEKONZERT im PORGY &amp; BESS https:\/\/www.porgy.at\/events\/12815\/ mittwoch, 19.11.25 spiele ich im rahmen der literaturmeile\/lyrik-lesereihe unter dem wundersch\u00f6nen titel \u201cnovember und regen\u201d in der hauptb\u00fcchereien wien, hecklounge, college 3. neben mir wird es [&hellip;]<\/p>\n","protected":false},"author":2,"featured_media":0,"parent":0,"menu_order":0,"comment_status":"closed","ping_status":"closed","template":"","meta":{"footnotes":""},"class_list":["post-10","page","type-page","status-publish","hentry"],"_links":{"self":[{"href":"https:\/\/www.sibyllekefer.at\/blog\/wp-json\/wp\/v2\/pages\/10","targetHints":{"allow":["GET"]}}],"collection":[{"href":"https:\/\/www.sibyllekefer.at\/blog\/wp-json\/wp\/v2\/pages"}],"about":[{"href":"https:\/\/www.sibyllekefer.at\/blog\/wp-json\/wp\/v2\/types\/page"}],"author":[{"embeddable":true,"href":"https:\/\/www.sibyllekefer.at\/blog\/wp-json\/wp\/v2\/users\/2"}],"replies":[{"embeddable":true,"href":"https:\/\/www.sibyllekefer.at\/blog\/wp-json\/wp\/v2\/comments?post=10"}],"version-history":[{"count":367,"href":"https:\/\/www.sibyllekefer.at\/blog\/wp-json\/wp\/v2\/pages\/10\/revisions"}],"predecessor-version":[{"id":2404,"href":"https:\/\/www.sibyllekefer.at\/blog\/wp-json\/wp\/v2\/pages\/10\/revisions\/2404"}],"wp:attachment":[{"href":"https:\/\/www.sibyllekefer.at\/blog\/wp-json\/wp\/v2\/media?parent=10"}],"curies":[{"name":"wp","href":"https:\/\/api.w.org\/{rel}","templated":true}]}}